{"id":31464,"date":"2020-06-17T09:43:42","date_gmt":"2020-06-17T07:43:42","guid":{"rendered":"https:\/\/www.oafifoundation.com\/blog\/"},"modified":"2023-06-30T15:20:56","modified_gmt":"2023-06-30T13:20:56","slug":"blog","status":"publish","type":"page","link":"https:\/\/www.oafifoundation.com\/ca\/blog\/","title":{"rendered":"Blog"},"content":{"rendered":"\t\t<div data-elementor-type=\"wp-page\" data-elementor-id=\"31464\" class=\"elementor elementor-31464 elementor-1272\">\n\t\t\t\t\t\t<section class=\"has_eae_slider elementor-section elementor-top-section elementor-element elementor-element-278a164d elementor-section-stretched elementor-section-content-middle elementor-section-boxed elementor-section-height-default elementor-section-height-default\" data-eae-slider=\"90233\" data-id=\"278a164d\" data-element_type=\"section\" data-settings=\"{&quot;stretch_section&quot;:&quot;section-stretched&quot;,&quot;background_background&quot;:&quot;classic&quot;}\">\n\t\t\t\t\t\t\t<div class=\"elementor-background-overlay\"><\/div>\n\t\t\t\t\t\t\t<div class=\"elementor-container elementor-column-gap-default\">\n\t\t\t\t\t<div class=\"has_eae_slider elementor-column elementor-col-100 elementor-top-column elementor-element elementor-element-796e7a09 elementor-invisible\" data-eae-slider=\"64612\" data-id=\"796e7a09\" data-element_type=\"column\" data-settings=\"{&quot;animation&quot;:&quot;fadeIn&quot;}\">\n\t\t\t<div class=\"elementor-widget-wrap elementor-element-populated\">\n\t\t\t\t\t\t<div class=\"elementor-element elementor-element-2fce239a elementor-widget elementor-widget-heading\" data-id=\"2fce239a\" data-element_type=\"widget\" data-widget_type=\"heading.default\">\n\t\t\t\t<div class=\"elementor-widget-container\">\n\t\t\t\t\t<h1 class=\"elementor-heading-title elementor-size-default\">Blog<\/h1>\t\t\t\t<\/div>\n\t\t\t\t<\/div>\n\t\t\t\t\t<\/div>\n\t\t<\/div>\n\t\t\t\t\t<\/div>\n\t\t<\/section>\n\t\t\t\t<section class=\"has_eae_slider elementor-section elementor-top-section elementor-element elementor-element-47585ff elementor-section-full_width elementor-section-height-default elementor-section-height-default\" data-eae-slider=\"95899\" data-id=\"47585ff\" data-element_type=\"section\">\n\t\t\t\t\t\t<div class=\"elementor-container elementor-column-gap-default\">\n\t\t\t\t\t<div class=\"has_eae_slider elementor-column elementor-col-100 elementor-top-column elementor-element elementor-element-1fac1e31\" data-eae-slider=\"79679\" data-id=\"1fac1e31\" data-element_type=\"column\">\n\t\t\t<div class=\"elementor-widget-wrap elementor-element-populated\">\n\t\t\t\t\t\t<div class=\"elementor-element elementor-element-43f78e2 elementor-grid-eael-col-3 elementor-grid-tablet-eael-col-2 elementor-grid-mobile-eael-col-1 elementor-widget elementor-widget-eael-post-grid\" data-id=\"43f78e2\" data-element_type=\"widget\" data-settings=\"{&quot;eael_post_grid_columns&quot;:&quot;eael-col-3&quot;,&quot;eael_post_grid_columns_tablet&quot;:&quot;eael-col-2&quot;,&quot;eael_post_grid_columns_mobile&quot;:&quot;eael-col-1&quot;}\" data-widget_type=\"eael-post-grid.default\">\n\t\t\t\t<div class=\"elementor-widget-container\">\n\t\t\t\t\t<div id=\"eael-post-grid-43f78e2\" class=\"eael-post-grid-container\">\n            <div class=\"eael-post-grid eael-post-appender eael-post-appender-43f78e2 eael-post-grid-style-one\" data-layout-mode=\"masonry\"><article class=\"eael-grid-post  eael-post-grid-column eael-pg-post-43951 category-actualitat-amics-oafi-area-pacients-artrosi-blog-ca-consells-nutricio-consells-sobre-salut-articular-dolor-ca-menopausa-oafi-woman-ca-osteoartritis-ca-osteopenia-osteoporosi-salud-ca-uncategorized-en tags-calidad-de-vida-ca-concienciacion-ca-menopausa-menopausa-dona-salud-articular-ca\" data-id=\"43951\">\n        <div class=\"eael-grid-post-holder\">\n            <div class=\"eael-grid-post-holder-inner\"><div class=\"eael-entry-media\"><ul class=\"post-carousel-categories\"><li><a href=\"https:\/\/www.oafifoundation.com\/ca\/categoria-ca\/actualitat\/\">Actualitat<\/a><\/li><\/ul><div class=\"eael-entry-overlay fade-in\"><i class=\"fas fa-long-arrow-alt-right\" aria-hidden=\"true\"><\/i><a href=\"https:\/\/www.oafifoundation.com\/ca\/la-menopausa-en-positiu\/\"><\/a><\/div><div class=\"eael-entry-thumbnail \">\n                <img fetchpriority=\"high\" decoding=\"async\" width=\"200\" height=\"300\" src=\"https:\/\/www.oafifoundation.com\/wp-content\/uploads\/2026\/04\/Menopausia-2-200x300.jpg\" class=\"attachment-medium size-medium wp-image-43989\" alt=\"menopausia\" srcset=\"https:\/\/www.oafifoundation.com\/wp-content\/uploads\/2026\/04\/Menopausia-2-200x300.jpg 200w, https:\/\/www.oafifoundation.com\/wp-content\/uploads\/2026\/04\/Menopausia-2-683x1024.jpg 683w, https:\/\/www.oafifoundation.com\/wp-content\/uploads\/2026\/04\/Menopausia-2-768x1152.jpg 768w, https:\/\/www.oafifoundation.com\/wp-content\/uploads\/2026\/04\/Menopausia-2-1024x1536.jpg 1024w, https:\/\/www.oafifoundation.com\/wp-content\/uploads\/2026\/04\/Menopausia-2-1365x2048.jpg 1365w, https:\/\/www.oafifoundation.com\/wp-content\/uploads\/2026\/04\/Menopausia-2.jpg 1635w\" sizes=\"(max-width: 200px) 100vw, 200px\" \/>\n            <\/div>\n        <\/div><div class=\"eael-entry-wrapper\"><header class=\"eael-entry-header\"><h2 class=\"eael-entry-title\"><a class=\"eael-grid-post-link\" href=\"https:\/\/www.oafifoundation.com\/ca\/la-menopausa-en-positiu\/\" title=\"La menopausa en positiu\">La menopausa en positiu<\/a><\/h2><\/header><div class=\"eael-entry-content\">\n                        <div class=\"eael-grid-post-excerpt\"><p>\u00abL\u2019empoderament de les dones i les accions al seu abast poden fer viure la menopausa en positiu amb un conjunt de mesures des de diverses \u00e0rees\u00bb Article de Marina Geli, Metge i ex Consellera de Salut, publicat a Naci\u00f3 Digital...<\/p><a href=\"https:\/\/www.oafifoundation.com\/ca\/la-menopausa-en-positiu\/\" class=\"eael-post-elements-readmore-btn\">Llegir m\u00e9s<\/a><\/div>\n                    <\/div><div class=\"eael-entry-footer\"><div class=\"eael-entry-meta\"><span class=\"eael-posted-on\"><time datetime=\"30\/04\/2026\">30\/04\/2026<\/time><\/span><\/div><\/div><\/div><\/div>\n        <\/div>\n    <\/article><article class=\"eael-grid-post  eael-post-grid-column eael-pg-post-43927 category-amics-oafi-area-pacients-blog-ca-responsabilidad-social-corporativa-ca-salud-ca tags-calidad-de-vida-ca-dr-rodrigo-gutierrez-fernandez-fundacion-oafi-ca-humanizacion-sanitaria-salud-articular-ca-seaus\" data-id=\"43927\">\n        <div class=\"eael-grid-post-holder\">\n            <div class=\"eael-grid-post-holder-inner\"><div class=\"eael-entry-media\"><ul class=\"post-carousel-categories\"><li><a href=\"https:\/\/www.oafifoundation.com\/ca\/categoria-ca\/amics-oafi\/\">Amics OAFI<\/a><\/li><\/ul><div class=\"eael-entry-overlay fade-in\"><i class=\"fas fa-long-arrow-alt-right\" aria-hidden=\"true\"><\/i><a href=\"https:\/\/www.oafifoundation.com\/ca\/humanizacion-entorno-del-sistema-sanitario\/\"><\/a><\/div><div class=\"eael-entry-thumbnail \">\n                <img decoding=\"async\" width=\"300\" height=\"198\" src=\"https:\/\/www.oafifoundation.com\/wp-content\/uploads\/2026\/04\/shutterstock_2197756813-1-1-300x198.jpg\" class=\"attachment-medium size-medium wp-image-43930\" alt=\"humanizaci\u00f3n\" srcset=\"https:\/\/www.oafifoundation.com\/wp-content\/uploads\/2026\/04\/shutterstock_2197756813-1-1-300x198.jpg 300w, https:\/\/www.oafifoundation.com\/wp-content\/uploads\/2026\/04\/shutterstock_2197756813-1-1-1024x676.jpg 1024w, https:\/\/www.oafifoundation.com\/wp-content\/uploads\/2026\/04\/shutterstock_2197756813-1-1-768x507.jpg 768w, https:\/\/www.oafifoundation.com\/wp-content\/uploads\/2026\/04\/shutterstock_2197756813-1-1-1536x1014.jpg 1536w, https:\/\/www.oafifoundation.com\/wp-content\/uploads\/2026\/04\/shutterstock_2197756813-1-1.jpg 1670w\" sizes=\"(max-width: 300px) 100vw, 300px\" \/>\n            <\/div>\n        <\/div><div class=\"eael-entry-wrapper\"><header class=\"eael-entry-header\"><h2 class=\"eael-entry-title\"><a class=\"eael-grid-post-link\" href=\"https:\/\/www.oafifoundation.com\/ca\/humanizacion-entorno-del-sistema-sanitario\/\" title=\"Humanitzaci\u00f3 a l&#8217;entorn multidisciplinar del Sistema Sanitari\">Humanitzaci\u00f3 a l&#8217;entorn multidisciplinar del Sistema Sanitari<\/a><\/h2><\/header><div class=\"eael-entry-content\">\n                        <div class=\"eael-grid-post-excerpt\"><p>Article per cortesia del Dr. Rodrigo Guti\u00e9rrez Fern\u00e1ndez, president de la Societat Espayola d&#8217;Atenci\u00f3 a l&#8217;Usuari de la Sanitat (SEAUS). Heus aqu\u00ed algunes idees generals sobre Humanitzaci\u00f3 de l&#8217;Atenci\u00f3 Sanit\u00e0ria des de la perspectiva de la SEAUS: Com es defineix...<\/p><a href=\"https:\/\/www.oafifoundation.com\/ca\/humanizacion-entorno-del-sistema-sanitario\/\" class=\"eael-post-elements-readmore-btn\">Llegir m\u00e9s<\/a><\/div>\n                    <\/div><div class=\"eael-entry-footer\"><div class=\"eael-entry-meta\"><span class=\"eael-posted-on\"><time datetime=\"21\/04\/2026\">21\/04\/2026<\/time><\/span><\/div><\/div><\/div><\/div>\n        <\/div>\n    <\/article><article class=\"eael-grid-post  eael-post-grid-column eael-pg-post-43874 category-amics-oafi-area-pacients-artrosi-artrosis-ca-blog-ca-consells-sobre-salut-articular-deporte-ca-osteoartritis-ca-sarcopenia-ca-sense-categoria tags-artrosis-ca-calidad-de-vida-ca-mador-musculo-musculo-sano-oafi-ca-perdida-masa-muscular-prevencion-ca-salud-articular-ca-sarcopenia-ca\" data-id=\"43874\">\n        <div class=\"eael-grid-post-holder\">\n            <div class=\"eael-grid-post-holder-inner\"><div class=\"eael-entry-media\"><ul class=\"post-carousel-categories\"><li><a href=\"https:\/\/www.oafifoundation.com\/ca\/categoria-ca\/amics-oafi\/\">Amics OAFI<\/a><\/li><\/ul><div class=\"eael-entry-overlay fade-in\"><i class=\"fas fa-long-arrow-alt-right\" aria-hidden=\"true\"><\/i><a href=\"https:\/\/www.oafifoundation.com\/ca\/musculo-fuerza-sarcopenia-envejecimiento-ok\/\"><\/a><\/div><div class=\"eael-entry-thumbnail \">\n                <img decoding=\"async\" width=\"300\" height=\"200\" src=\"https:\/\/www.oafifoundation.com\/wp-content\/uploads\/2026\/04\/musculo-300x200.jpg\" class=\"attachment-medium size-medium wp-image-43894\" alt=\"mu\u0301sculo\" srcset=\"https:\/\/www.oafifoundation.com\/wp-content\/uploads\/2026\/04\/musculo-300x200.jpg 300w, https:\/\/www.oafifoundation.com\/wp-content\/uploads\/2026\/04\/musculo-1024x683.jpg 1024w, https:\/\/www.oafifoundation.com\/wp-content\/uploads\/2026\/04\/musculo-768x512.jpg 768w, https:\/\/www.oafifoundation.com\/wp-content\/uploads\/2026\/04\/musculo-1536x1024.jpg 1536w, https:\/\/www.oafifoundation.com\/wp-content\/uploads\/2026\/04\/musculo-2048x1365.jpg 2048w\" sizes=\"(max-width: 300px) 100vw, 300px\" \/>\n            <\/div>\n        <\/div><div class=\"eael-entry-wrapper\"><header class=\"eael-entry-header\"><h2 class=\"eael-entry-title\"><a class=\"eael-grid-post-link\" href=\"https:\/\/www.oafifoundation.com\/ca\/musculo-fuerza-sarcopenia-envejecimiento-ok\/\" title=\"M\u00fascul i for\u00e7a contra la sarcop\u00e8nia: claus de l&#8217;envelliment saludable\">M\u00fascul i for\u00e7a contra la sarcop\u00e8nia: claus de l&#8217;envelliment saludable<\/a><\/h2><\/header><div class=\"eael-entry-content\">\n                        <div class=\"eael-grid-post-excerpt\"><p>Article per cortesia de Mar\u00eda Jos\u00e9 Rivas, fisioterapeuta, fundadora i CEO de Mad&#8217;or Si hi ha un tipus dexercici amb impacte real en la salut global, \u00e9s lexercici de for\u00e7a. Durant anys, es va pensar que el m\u00fascul nom\u00e9s servia...<\/p><a href=\"https:\/\/www.oafifoundation.com\/ca\/musculo-fuerza-sarcopenia-envejecimiento-ok\/\" class=\"eael-post-elements-readmore-btn\">Llegir m\u00e9s<\/a><\/div>\n                    <\/div><div class=\"eael-entry-footer\"><div class=\"eael-entry-meta\"><span class=\"eael-posted-on\"><time datetime=\"13\/04\/2026\">13\/04\/2026<\/time><\/span><\/div><\/div><\/div><\/div>\n        <\/div>\n    <\/article><article class=\"eael-grid-post  eael-post-grid-column eael-pg-post-43806 category-amics-oafi-area-pacients-artrosi-blog-ca-consells-sobre-salut-articular-id-ca-oafi-space-ca-osteoartritis-ca-osteopenia-osteoporosis-en-ca-recerca-salud-ca-sense-categoria tags-artrosis-ca-caidas-en-el-bano-calidad-de-vida-ca-fundacion-internacional-de-la-artrosis-ca-fundacion-oafi-ca-investigacion-ca-oafi-ca-renoveduch-salud-articular-ca\" data-id=\"43806\">\n        <div class=\"eael-grid-post-holder\">\n            <div class=\"eael-grid-post-holder-inner\"><div class=\"eael-entry-media\"><ul class=\"post-carousel-categories\"><li><a href=\"https:\/\/www.oafifoundation.com\/ca\/categoria-ca\/amics-oafi\/\">Amics OAFI<\/a><\/li><\/ul><div class=\"eael-entry-overlay fade-in\"><i class=\"fas fa-long-arrow-alt-right\" aria-hidden=\"true\"><\/i><a href=\"https:\/\/www.oafifoundation.com\/ca\/caidas-en-el-bano-artrosis-y-osteoporosis\/\"><\/a><\/div><div class=\"eael-entry-thumbnail \">\n                <img loading=\"lazy\" decoding=\"async\" width=\"300\" height=\"192\" src=\"https:\/\/www.oafifoundation.com\/wp-content\/uploads\/2026\/03\/Caidas-en-el-bano-1-300x192.jpg\" class=\"attachment-medium size-medium wp-image-43794\" alt=\"Ca\u00eddas en el ba\u00f1o\" srcset=\"https:\/\/www.oafifoundation.com\/wp-content\/uploads\/2026\/03\/Caidas-en-el-bano-1-300x192.jpg 300w, https:\/\/www.oafifoundation.com\/wp-content\/uploads\/2026\/03\/Caidas-en-el-bano-1-1024x655.jpg 1024w, https:\/\/www.oafifoundation.com\/wp-content\/uploads\/2026\/03\/Caidas-en-el-bano-1-768x492.jpg 768w, https:\/\/www.oafifoundation.com\/wp-content\/uploads\/2026\/03\/Caidas-en-el-bano-1.jpg 1267w\" sizes=\"(max-width: 300px) 100vw, 300px\" \/>\n            <\/div>\n        <\/div><div class=\"eael-entry-wrapper\"><header class=\"eael-entry-header\"><h2 class=\"eael-entry-title\"><a class=\"eael-grid-post-link\" href=\"https:\/\/www.oafifoundation.com\/ca\/caidas-en-el-bano-artrosis-y-osteoporosis\/\" title=\"\u201cCaigudes al bany: el principal risc per a persones amb artrosi i osteoporosi\u201d\">\u201cCaigudes al bany: el principal risc per a persones amb artrosi i osteoporosi\u201d<\/a><\/h2><\/header><div class=\"eael-entry-content\">\n                        <div class=\"eael-grid-post-excerpt\"><p>Quan pensem en prevenci\u00f3 de caigudes acostumem a imaginar el carrer, les escales, una excursi\u00f3 a l&#8217;aire lliure o activitats esportives. Tot i aix\u00f2, l&#8217;espai on es produeixen m\u00e9s accidents greus en persones grans no \u00e9s fora, sin\u00f3 dins de...<\/p><a href=\"https:\/\/www.oafifoundation.com\/ca\/caidas-en-el-bano-artrosis-y-osteoporosis\/\" class=\"eael-post-elements-readmore-btn\">Llegir m\u00e9s<\/a><\/div>\n                    <\/div><div class=\"eael-entry-footer\"><div class=\"eael-entry-meta\"><span class=\"eael-posted-on\"><time datetime=\"30\/03\/2026\">30\/03\/2026<\/time><\/span><\/div><\/div><\/div><\/div>\n        <\/div>\n    <\/article><article class=\"eael-grid-post  eael-post-grid-column eael-pg-post-43751 category-articulando26-actualitat-amics-oafi-area-pacients-artrosi-artrosis-ca-blog-ca-congressos-consells-nutricio-consells-sobre-salut-articular-deporte-ca-dolor-ca-id-ca-noticies-oafi-nutricion-ca-oafi-sport-ca-osteoartritis-ca-osteopenia-osteoporosi-recerca-salud-ca-sense-categoria tags-articulando26-calidad-de-vida-ca-fundacion-oafi-ca\" data-id=\"43751\">\n        <div class=\"eael-grid-post-holder\">\n            <div class=\"eael-grid-post-holder-inner\"><div class=\"eael-entry-media\"><ul class=\"post-carousel-categories\"><li><a href=\"https:\/\/www.oafifoundation.com\/ca\/categoria-ca\/articulando26\/\">#Articulando26<\/a><\/li><\/ul><div class=\"eael-entry-overlay fade-in\"><i class=\"fas fa-long-arrow-alt-right\" aria-hidden=\"true\"><\/i><a href=\"https:\/\/www.oafifoundation.com\/ca\/articulando-el-deporte-estrategias-salud\/\"><\/a><\/div><div class=\"eael-entry-thumbnail \">\n                <img loading=\"lazy\" decoding=\"async\" width=\"300\" height=\"200\" src=\"https:\/\/www.oafifoundation.com\/wp-content\/uploads\/2026\/03\/Articulando-el-Deporte-1-300x200.jpeg\" class=\"attachment-medium size-medium wp-image-43740\" alt=\"Articulando el Deporte\" srcset=\"https:\/\/www.oafifoundation.com\/wp-content\/uploads\/2026\/03\/Articulando-el-Deporte-1-300x200.jpeg 300w, https:\/\/www.oafifoundation.com\/wp-content\/uploads\/2026\/03\/Articulando-el-Deporte-1-1024x683.jpeg 1024w, https:\/\/www.oafifoundation.com\/wp-content\/uploads\/2026\/03\/Articulando-el-Deporte-1-768x512.jpeg 768w, https:\/\/www.oafifoundation.com\/wp-content\/uploads\/2026\/03\/Articulando-el-Deporte-1.jpeg 1101w\" sizes=\"(max-width: 300px) 100vw, 300px\" \/>\n            <\/div>\n        <\/div><div class=\"eael-entry-wrapper\"><header class=\"eael-entry-header\"><h2 class=\"eael-entry-title\"><a class=\"eael-grid-post-link\" href=\"https:\/\/www.oafifoundation.com\/ca\/articulando-el-deporte-estrategias-salud\/\" title=\"Del col\u00b7lagen als microh\u00e0bits: Articulando el Deporte26, presenta les darreres estrat\u00e8gies per protegir la salut \u00f2ssia i prevenir l&#8217;artrosi en esportistes\">Del col\u00b7lagen als microh\u00e0bits: Articulando el Deporte26, presenta les darreres estrat\u00e8gies per protegir la salut \u00f2ssia i prevenir l&#8217;artrosi en esportistes<\/a><\/h2><\/header><div class=\"eael-entry-content\">\n                        <div class=\"eael-grid-post-excerpt\"><p>Madrid, 23 de mar\u00e7 de 2026 \u2013 La seu del Comit\u00e9 Ol\u00edmpico Espa\u00f1ol va acollir els dies 17 i 18 de mar\u00e7 la sisena edici\u00f3 del Congr\u00e9s Articulando el Deporte (#ARTICULANDO26), organitzat per l&#8217;Osteoarthritis Foundation International (OAFI) juntament amb la...<\/p><a href=\"https:\/\/www.oafifoundation.com\/ca\/articulando-el-deporte-estrategias-salud\/\" class=\"eael-post-elements-readmore-btn\">Llegir m\u00e9s<\/a><\/div>\n                    <\/div><div class=\"eael-entry-footer\"><div class=\"eael-entry-meta\"><span class=\"eael-posted-on\"><time datetime=\"25\/03\/2026\">25\/03\/2026<\/time><\/span><\/div><\/div><\/div><\/div>\n        <\/div>\n    <\/article><article class=\"eael-grid-post  eael-post-grid-column eael-pg-post-43544 category-actualitat-amics-oafi-area-pacients-artrosi-blog-ca-consells-nutricio-consells-sobre-salut-articular-dolor-ca-nutricion-ca-oafi-woman-ca-osteoartritis-ca-osteopenia-osteoporosis-en-ca-salud-ca-sense-categoria tags-como-tomar-colageno-cuando-tomar-colageno-artrosis-ca-calidad-de-vida-ca-colageno-laura-isabel-arranz-prevencion-ca-salud-articular-ca-sumplemento-alimenticio\" data-id=\"43544\">\n        <div class=\"eael-grid-post-holder\">\n            <div class=\"eael-grid-post-holder-inner\"><div class=\"eael-entry-media\"><ul class=\"post-carousel-categories\"><li><a href=\"https:\/\/www.oafifoundation.com\/ca\/categoria-ca\/actualitat\/\">Actualitat<\/a><\/li><\/ul><div class=\"eael-entry-overlay fade-in\"><i class=\"fas fa-long-arrow-alt-right\" aria-hidden=\"true\"><\/i><a href=\"https:\/\/www.oafifoundation.com\/ca\/colageno-alimento-cuando-y-como-suplementar\/\"><\/a><\/div><div class=\"eael-entry-thumbnail \">\n                <img loading=\"lazy\" decoding=\"async\" width=\"300\" height=\"200\" src=\"https:\/\/www.oafifoundation.com\/wp-content\/uploads\/2026\/03\/Colageno-1-300x200.jpg\" class=\"attachment-medium size-medium wp-image-43550\" alt=\"Col\u00e1geno\" srcset=\"https:\/\/www.oafifoundation.com\/wp-content\/uploads\/2026\/03\/Colageno-1-300x200.jpg 300w, https:\/\/www.oafifoundation.com\/wp-content\/uploads\/2026\/03\/Colageno-1-1024x683.jpg 1024w, https:\/\/www.oafifoundation.com\/wp-content\/uploads\/2026\/03\/Colageno-1-768x512.jpg 768w, https:\/\/www.oafifoundation.com\/wp-content\/uploads\/2026\/03\/Colageno-1-1536x1024.jpg 1536w, https:\/\/www.oafifoundation.com\/wp-content\/uploads\/2026\/03\/Colageno-1-2048x1366.jpg 2048w\" sizes=\"(max-width: 300px) 100vw, 300px\" \/>\n            <\/div>\n        <\/div><div class=\"eael-entry-wrapper\"><header class=\"eael-entry-header\"><h2 class=\"eael-entry-title\"><a class=\"eael-grid-post-link\" href=\"https:\/\/www.oafifoundation.com\/ca\/colageno-alimento-cuando-y-como-suplementar\/\" title=\"Col\u00b7lagen: Aliments que en contenen, quan i com suplementar-lo\">Col\u00b7lagen: Aliments que en contenen, quan i com suplementar-lo<\/a><\/h2><\/header><div class=\"eael-entry-content\">\n                        <div class=\"eael-grid-post-excerpt\"><p>Article cortesia de la Dra.\u00a0Laura Isabel Arranz\u00a0,\u00a0doctora en alimentaci\u00f3 i nutrici\u00f3, farmac\u00e8utica i dietista-nutricionista. El Col\u00b7lagen El col\u00b7lagen \u00e9s la prote\u00efna m\u00e9s abundant del cos i la seva funci\u00f3 principal \u00e9s estructural unint tots els teixits i \u00f2rgans del nostre...<\/p><a href=\"https:\/\/www.oafifoundation.com\/ca\/colageno-alimento-cuando-y-como-suplementar\/\" class=\"eael-post-elements-readmore-btn\">Llegir m\u00e9s<\/a><\/div>\n                    <\/div><div class=\"eael-entry-footer\"><div class=\"eael-entry-meta\"><span class=\"eael-posted-on\"><time datetime=\"10\/03\/2026\">10\/03\/2026<\/time><\/span><\/div><\/div><\/div><\/div>\n        <\/div>\n    <\/article><article class=\"eael-grid-post  eael-post-grid-column eael-pg-post-43438 category-actualitat-amics-oafi-area-pacients-artrosi-artrosis-ca-blog-ca-consells-sobre-salut-articular-dolor-ca-id-ca-noticies-oafi-oafi-space-ca-osteopenia-osteoporosi-recerca-salud-ca-sense-categoria tags-artrosis-ca-caida-en-la-ducha-caidas-caidas-bano-caidas-en-el-bano-concienciacion-ca-fractura-casera-fracturas-en-casa-fracturas-en-el-bano-fundacion-oafi-ca-investigacion-ca-prevencion-ca-renoveduch\" data-id=\"43438\">\n        <div class=\"eael-grid-post-holder\">\n            <div class=\"eael-grid-post-holder-inner\"><div class=\"eael-entry-media\"><ul class=\"post-carousel-categories\"><li><a href=\"https:\/\/www.oafifoundation.com\/ca\/categoria-ca\/actualitat\/\">Actualitat<\/a><\/li><\/ul><div class=\"eael-entry-overlay fade-in\"><i class=\"fas fa-long-arrow-alt-right\" aria-hidden=\"true\"><\/i><a href=\"https:\/\/www.oafifoundation.com\/ca\/estudio-afirma-65-caidas-en-cuarto-de-bano\/\"><\/a><\/div><div class=\"eael-entry-thumbnail \">\n                <img loading=\"lazy\" decoding=\"async\" width=\"300\" height=\"200\" src=\"https:\/\/www.oafifoundation.com\/wp-content\/uploads\/2026\/02\/caidas-300x200.jpg\" class=\"attachment-medium size-medium wp-image-43456\" alt=\"cai\u0301das\" srcset=\"https:\/\/www.oafifoundation.com\/wp-content\/uploads\/2026\/02\/caidas-300x200.jpg 300w, https:\/\/www.oafifoundation.com\/wp-content\/uploads\/2026\/02\/caidas-1024x683.jpg 1024w, https:\/\/www.oafifoundation.com\/wp-content\/uploads\/2026\/02\/caidas-768x512.jpg 768w, https:\/\/www.oafifoundation.com\/wp-content\/uploads\/2026\/02\/caidas-1536x1024.jpg 1536w, https:\/\/www.oafifoundation.com\/wp-content\/uploads\/2026\/02\/caidas-2048x1365.jpg 2048w\" sizes=\"(max-width: 300px) 100vw, 300px\" \/>\n            <\/div>\n        <\/div><div class=\"eael-entry-wrapper\"><header class=\"eael-entry-header\"><h2 class=\"eael-entry-title\"><a class=\"eael-grid-post-link\" href=\"https:\/\/www.oafifoundation.com\/ca\/estudio-afirma-65-caidas-en-cuarto-de-bano\/\" title=\"El 65% de les caigudes a les nostres llars ocorren a la cambra de bany\">El 65% de les caigudes a les nostres llars ocorren a la cambra de bany<\/a><\/h2><\/header><div class=\"eael-entry-content\">\n                        <div class=\"eael-grid-post-excerpt\"><p>Barcelona, 25 de febrer de 2026 \u2013 Un estudi impulsat per la Fundaci\u00f3 Internacional de Pacients amb Artrosi i Osteoporosi (OAFI) confirma que l&#8217;adaptaci\u00f3 del bany, especialment mitjan\u00e7ant la substituci\u00f3 de banyeres per dutxes arran de terra, incrementa de manera...<\/p><a href=\"https:\/\/www.oafifoundation.com\/ca\/estudio-afirma-65-caidas-en-cuarto-de-bano\/\" class=\"eael-post-elements-readmore-btn\">Llegir m\u00e9s<\/a><\/div>\n                    <\/div><div class=\"eael-entry-footer\"><div class=\"eael-entry-meta\"><span class=\"eael-posted-on\"><time datetime=\"25\/02\/2026\">25\/02\/2026<\/time><\/span><\/div><\/div><\/div><\/div>\n        <\/div>\n    <\/article><article class=\"eael-grid-post  eael-post-grid-column eael-pg-post-43305 category-amics-oafi-area-pacients-artrosi-artrosis-ca-blog-ca-consells-sobre-salut-articular-dolor-ca-responsabilidad-social-corporativa-ca-salud-ca-sense-categoria tags-artrosis-ca-autocuidado-calidad-de-vida-ca-concienciacion-ca-cuidarse-dolor-ca-dolor-cronico-2-dr-luis-miguel-torres-fundacion-internacional-de-la-artrosis-ca-oafi-ca-prevencion-ca-salud-articular-ca-semdor\" data-id=\"43305\">\n        <div class=\"eael-grid-post-holder\">\n            <div class=\"eael-grid-post-holder-inner\"><div class=\"eael-entry-media\"><ul class=\"post-carousel-categories\"><li><a href=\"https:\/\/www.oafifoundation.com\/ca\/categoria-ca\/amics-oafi\/\">Amics OAFI<\/a><\/li><\/ul><div class=\"eael-entry-overlay fade-in\"><i class=\"fas fa-long-arrow-alt-right\" aria-hidden=\"true\"><\/i><a href=\"https:\/\/www.oafifoundation.com\/ca\/mas-alla-sintoma-comprender-dolor-cronico\/\"><\/a><\/div><div class=\"eael-entry-thumbnail \">\n                <img loading=\"lazy\" decoding=\"async\" width=\"300\" height=\"200\" src=\"https:\/\/www.oafifoundation.com\/wp-content\/uploads\/2026\/02\/dolor-cronico-2-300x200.jpg\" class=\"attachment-medium size-medium wp-image-43314\" alt=\"dolor cr\u00f3nico\" srcset=\"https:\/\/www.oafifoundation.com\/wp-content\/uploads\/2026\/02\/dolor-cronico-2-300x200.jpg 300w, https:\/\/www.oafifoundation.com\/wp-content\/uploads\/2026\/02\/dolor-cronico-2-1024x683.jpg 1024w, https:\/\/www.oafifoundation.com\/wp-content\/uploads\/2026\/02\/dolor-cronico-2-768x512.jpg 768w, https:\/\/www.oafifoundation.com\/wp-content\/uploads\/2026\/02\/dolor-cronico-2-1536x1024.jpg 1536w, https:\/\/www.oafifoundation.com\/wp-content\/uploads\/2026\/02\/dolor-cronico-2.jpg 1750w\" sizes=\"(max-width: 300px) 100vw, 300px\" \/>\n            <\/div>\n        <\/div><div class=\"eael-entry-wrapper\"><header class=\"eael-entry-header\"><h2 class=\"eael-entry-title\"><a class=\"eael-grid-post-link\" href=\"https:\/\/www.oafifoundation.com\/ca\/mas-alla-sintoma-comprender-dolor-cronico\/\" title=\"M\u00e9s enll\u00e0 del s\u00edmptoma: Comprendre el dolor cr\u00f2nic per recuperar la teva vida\">M\u00e9s enll\u00e0 del s\u00edmptoma: Comprendre el dolor cr\u00f2nic per recuperar la teva vida<\/a><\/h2><\/header><div class=\"eael-entry-content\">\n                        <div class=\"eael-grid-post-excerpt\"><p>Prof. Dr. Luis Miguel Torres Morera President de la Sociedad Espa\u00f1ola Multidisciplinar del Dolor (SEMDOR) Lm.torres@me.com Per abordar el dolor de manera efectiva, primer hem de canviar la nostra perspectiva sobre qu\u00e8 \u00e9s exactament all\u00f2 que sentim. Conv\u00e9 recordar una...<\/p><a href=\"https:\/\/www.oafifoundation.com\/ca\/mas-alla-sintoma-comprender-dolor-cronico\/\" class=\"eael-post-elements-readmore-btn\">Llegir m\u00e9s<\/a><\/div>\n                    <\/div><div class=\"eael-entry-footer\"><div class=\"eael-entry-meta\"><span class=\"eael-posted-on\"><time datetime=\"16\/02\/2026\">16\/02\/2026<\/time><\/span><\/div><\/div><\/div><\/div>\n        <\/div>\n    <\/article><article class=\"eael-grid-post  eael-post-grid-column eael-pg-post-43031 category-articulando26-actualitat-area-pacients-artrosi-blog-ca-congressos-consells-sobre-salut-articular-deporte-ca-dolor-ca-oafi-woman-ca-osteoartritis-ca-osteoporosi-salud-ca-sense-categoria tags-artrosis-ca-atleta-profesional-calidad-de-vida-ca-flor-teves-fundacion-oafi-ca-hockey-hockey-femenino-lca-ca-ligamento-cruzado-anterior-ca-oafi-ca-prevencion-ca-salud-articular-ca\" data-id=\"43031\">\n        <div class=\"eael-grid-post-holder\">\n            <div class=\"eael-grid-post-holder-inner\"><div class=\"eael-entry-media\"><ul class=\"post-carousel-categories\"><li><a href=\"https:\/\/www.oafifoundation.com\/ca\/categoria-ca\/articulando26\/\">#Articulando26<\/a><\/li><\/ul><div class=\"eael-entry-overlay fade-in\"><i class=\"fas fa-long-arrow-alt-right\" aria-hidden=\"true\"><\/i><a href=\"https:\/\/www.oafifoundation.com\/ca\/lesion-que-cambio-mirada-desde-dentro-lca\/\"><\/a><\/div><div class=\"eael-entry-thumbnail \">\n                <img loading=\"lazy\" decoding=\"async\" width=\"300\" height=\"270\" src=\"https:\/\/www.oafifoundation.com\/wp-content\/uploads\/2026\/01\/LCA-300x270.png\" class=\"attachment-medium size-medium wp-image-43042\" alt=\"LCA\" srcset=\"https:\/\/www.oafifoundation.com\/wp-content\/uploads\/2026\/01\/LCA-300x270.png 300w, https:\/\/www.oafifoundation.com\/wp-content\/uploads\/2026\/01\/LCA-1024x920.png 1024w, https:\/\/www.oafifoundation.com\/wp-content\/uploads\/2026\/01\/LCA-768x690.png 768w, https:\/\/www.oafifoundation.com\/wp-content\/uploads\/2026\/01\/LCA.png 1304w\" sizes=\"(max-width: 300px) 100vw, 300px\" \/>\n            <\/div>\n        <\/div><div class=\"eael-entry-wrapper\"><header class=\"eael-entry-header\"><h2 class=\"eael-entry-title\"><a class=\"eael-grid-post-link\" href=\"https:\/\/www.oafifoundation.com\/ca\/lesion-que-cambio-mirada-desde-dentro-lca\/\" title=\"LCA: la lesi\u00f3 que em va canviar la mirada\">LCA: la lesi\u00f3 que em va canviar la mirada<\/a><\/h2><\/header><div class=\"eael-entry-content\">\n                        <div class=\"eael-grid-post-excerpt\"><p>Article de Flor Amundson Teves, atleta i jugadora professional d&#8217;hoquei A la vida d&#8217;un esportista, hi ha moments que marquen abans i despr\u00e9s. Per mi, aquest instant va arribar amb la lesi\u00f3 de lligament creuat anterior (LCA). Un genoll, un...<\/p><a href=\"https:\/\/www.oafifoundation.com\/ca\/lesion-que-cambio-mirada-desde-dentro-lca\/\" class=\"eael-post-elements-readmore-btn\">Llegir m\u00e9s<\/a><\/div>\n                    <\/div><div class=\"eael-entry-footer\"><div class=\"eael-entry-meta\"><span class=\"eael-posted-on\"><time datetime=\"30\/01\/2026\">30\/01\/2026<\/time><\/span><\/div><\/div><\/div><\/div>\n        <\/div>\n    <\/article><article class=\"eael-grid-post  eael-post-grid-column eael-pg-post-42780 category-area-pacients-artrosi-blog-ca-consells-sobre-salut-articular-dolor-ca-osteoartritis-ca-osteopenia-responsabilidad-social-corporativa-ca-salud-ca tags-artrosis-ca-calidad-de-vida-ca-dolor-ca-enfermera-enfermeria-fundacion-oafi-ca-salud-articular-ca\" data-id=\"42780\">\n        <div class=\"eael-grid-post-holder\">\n            <div class=\"eael-grid-post-holder-inner\"><div class=\"eael-entry-media\"><ul class=\"post-carousel-categories\"><li><a href=\"https:\/\/www.oafifoundation.com\/ca\/categoria-ca\/area-pacients\/\">\u00c0rea de pacients<\/a><\/li><\/ul><div class=\"eael-entry-overlay fade-in\"><i class=\"fas fa-long-arrow-alt-right\" aria-hidden=\"true\"><\/i><a href=\"https:\/\/www.oafifoundation.com\/ca\/tu-enfermera-es-la-solucion-para-mejorar\/\"><\/a><\/div><div class=\"eael-entry-thumbnail \">\n                <img loading=\"lazy\" decoding=\"async\" width=\"300\" height=\"200\" src=\"https:\/\/www.oafifoundation.com\/wp-content\/uploads\/2026\/01\/Enfermeria-300x200.jpg\" class=\"attachment-medium size-medium wp-image-42774\" alt=\"enfermera\" srcset=\"https:\/\/www.oafifoundation.com\/wp-content\/uploads\/2026\/01\/Enfermeria-300x200.jpg 300w, https:\/\/www.oafifoundation.com\/wp-content\/uploads\/2026\/01\/Enfermeria-1024x683.jpg 1024w, https:\/\/www.oafifoundation.com\/wp-content\/uploads\/2026\/01\/Enfermeria-768x512.jpg 768w, https:\/\/www.oafifoundation.com\/wp-content\/uploads\/2026\/01\/Enfermeria-1536x1024.jpg 1536w, https:\/\/www.oafifoundation.com\/wp-content\/uploads\/2026\/01\/Enfermeria.jpg 1890w\" sizes=\"(max-width: 300px) 100vw, 300px\" \/>\n            <\/div>\n        <\/div><div class=\"eael-entry-wrapper\"><header class=\"eael-entry-header\"><h2 class=\"eael-entry-title\"><a class=\"eael-grid-post-link\" href=\"https:\/\/www.oafifoundation.com\/ca\/tu-enfermera-es-la-solucion-para-mejorar\/\" title=\"Per qu\u00e8 costa tant aconseguir cita? La teva infermera \u00e9s la soluci\u00f3 per millorar l&#8217;acc\u00e9s a la teva cura!\">Per qu\u00e8 costa tant aconseguir cita? La teva infermera \u00e9s la soluci\u00f3 per millorar l&#8217;acc\u00e9s a la teva cura!<\/a><\/h2><\/header><div class=\"eael-entry-content\">\n                        <div class=\"eael-grid-post-excerpt\"><p>Si has notat que aconseguir cita al teu Centre de Salut \u00e9s cada cop m\u00e9s complicat, no t&#8217;equivoques! Hi ha una sobrec\u00e0rrega al sistema sanitari que ens afecta a tots. Per\u00f2 compte! La soluci\u00f3 no \u00e9s nom\u00e9s esperar que contractin...<\/p><a href=\"https:\/\/www.oafifoundation.com\/ca\/tu-enfermera-es-la-solucion-para-mejorar\/\" class=\"eael-post-elements-readmore-btn\">Llegir m\u00e9s<\/a><\/div>\n                    <\/div><div class=\"eael-entry-footer\"><div class=\"eael-entry-meta\"><span class=\"eael-posted-on\"><time datetime=\"14\/01\/2026\">14\/01\/2026<\/time><\/span><\/div><\/div><\/div><\/div>\n        <\/div>\n    <\/article><article class=\"eael-grid-post  eael-post-grid-column eael-pg-post-42546 category-actualitat-amics-oafi-area-pacients-artrosi-artrosis-ca-blog-ca-consells-nutricio-consells-sobre-salut-articular-deporte-ca-nutricion-ca-osteoartritis-ca-osteopenia-salud-ca tags-artrosis-ca-calidad-de-vida-ca-christmas-ca-fundacion-internacional-de-la-artrosis-ca-fundacion-oafi-ca-habitos-sencillos-llegar-a-reyes-sin-crujir-nadal-navidades-oafi-ca-salud-articular-ca\" data-id=\"42546\">\n        <div class=\"eael-grid-post-holder\">\n            <div class=\"eael-grid-post-holder-inner\"><div class=\"eael-entry-media\"><ul class=\"post-carousel-categories\"><li><a href=\"https:\/\/www.oafifoundation.com\/ca\/categoria-ca\/actualitat\/\">Actualitat<\/a><\/li><\/ul><div class=\"eael-entry-overlay fade-in\"><i class=\"fas fa-long-arrow-alt-right\" aria-hidden=\"true\"><\/i><a href=\"https:\/\/www.oafifoundation.com\/ca\/7-habitos-de-movilidad-en-navidad\/\"><\/a><\/div><div class=\"eael-entry-thumbnail \">\n                <img loading=\"lazy\" decoding=\"async\" width=\"240\" height=\"300\" src=\"https:\/\/www.oafifoundation.com\/wp-content\/uploads\/2025\/12\/movilidad-1-240x300.jpg\" class=\"attachment-medium size-medium wp-image-42536\" alt=\"movilidad\" srcset=\"https:\/\/www.oafifoundation.com\/wp-content\/uploads\/2025\/12\/movilidad-1-240x300.jpg 240w, https:\/\/www.oafifoundation.com\/wp-content\/uploads\/2025\/12\/movilidad-1.jpg 729w\" sizes=\"(max-width: 240px) 100vw, 240px\" \/>\n            <\/div>\n        <\/div><div class=\"eael-entry-wrapper\"><header class=\"eael-entry-header\"><h2 class=\"eael-entry-title\"><a class=\"eael-grid-post-link\" href=\"https:\/\/www.oafifoundation.com\/ca\/7-habitos-de-movilidad-en-navidad\/\" title=\"Mobilitat, com arribar a Reis sense cruixir: 7 h\u00e0bits senzills per millorar per Nadal\">Mobilitat, com arribar a Reis sense cruixir: 7 h\u00e0bits senzills per millorar per Nadal<\/a><\/h2><\/header><div class=\"eael-entry-content\">\n                        <div class=\"eael-grid-post-excerpt\"><p>Durant les festes nadalenques moltes persones noten m\u00e9s mol\u00e8sties f\u00edsiques, rigidesa o cansament. No \u00e9s casualitat. Canvien les rutines, passem m\u00e9s hores asseguts, dormim pitjor, mengem m\u00e9s i ens movem menys. Per\u00f2 m\u00e9s enll\u00e0 del dolor puntual, el que realment...<\/p><a href=\"https:\/\/www.oafifoundation.com\/ca\/7-habitos-de-movilidad-en-navidad\/\" class=\"eael-post-elements-readmore-btn\">Llegir m\u00e9s<\/a><\/div>\n                    <\/div><div class=\"eael-entry-footer\"><div class=\"eael-entry-meta\"><span class=\"eael-posted-on\"><time datetime=\"16\/12\/2025\">16\/12\/2025<\/time><\/span><\/div><\/div><\/div><\/div>\n        <\/div>\n    <\/article><article class=\"eael-grid-post  eael-post-grid-column eael-pg-post-42520 category-area-pacients-artrosi-blog-ca-osteoartritis-ca-osteopenia-osteoporosis-en-ca-responsabilidad-social-corporativa-ca-salud-ca-sarcopenia-ca tags-calidad-asistencial-dr-manel-santina-seca\" data-id=\"42520\">\n        <div class=\"eael-grid-post-holder\">\n            <div class=\"eael-grid-post-holder-inner\"><div class=\"eael-entry-media\"><ul class=\"post-carousel-categories\"><li><a href=\"https:\/\/www.oafifoundation.com\/ca\/categoria-ca\/area-pacients\/\">\u00c0rea de pacients<\/a><\/li><\/ul><div class=\"eael-entry-overlay fade-in\"><i class=\"fas fa-long-arrow-alt-right\" aria-hidden=\"true\"><\/i><a href=\"https:\/\/www.oafifoundation.com\/ca\/sostenibilidad-sistema-sanitario-y-calidad\/\"><\/a><\/div><div class=\"eael-entry-thumbnail \">\n                <img loading=\"lazy\" decoding=\"async\" width=\"300\" height=\"162\" src=\"https:\/\/www.oafifoundation.com\/wp-content\/uploads\/2025\/12\/sostenibilidad-1-300x162.jpg\" class=\"attachment-medium size-medium wp-image-42512\" alt=\"sostenibilidad\" srcset=\"https:\/\/www.oafifoundation.com\/wp-content\/uploads\/2025\/12\/sostenibilidad-1-300x162.jpg 300w, https:\/\/www.oafifoundation.com\/wp-content\/uploads\/2025\/12\/sostenibilidad-1-768x415.jpg 768w, https:\/\/www.oafifoundation.com\/wp-content\/uploads\/2025\/12\/sostenibilidad-1.jpg 1000w\" sizes=\"(max-width: 300px) 100vw, 300px\" \/>\n            <\/div>\n        <\/div><div class=\"eael-entry-wrapper\"><header class=\"eael-entry-header\"><h2 class=\"eael-entry-title\"><a class=\"eael-grid-post-link\" href=\"https:\/\/www.oafifoundation.com\/ca\/sostenibilidad-sistema-sanitario-y-calidad\/\" title=\"Sostenibilitat del sistema sanitari i Qualitat Assistencial\">Sostenibilitat del sistema sanitari i Qualitat Assistencial<\/a><\/h2><\/header><div class=\"eael-entry-content\">\n                        <div class=\"eael-grid-post-excerpt\"><p>Article del Dr. Manel Santi\u00f1\u00e0, expresident de la Societat Espanyola de Qualitat Asistencial (SECA) La sostenibilitat del sistema sanitari La sostenibilitat del sistema sanitari i la qualitat de l&#8217;atenci\u00f3 s\u00f3n dos pilars fonamentals per garantir que l&#8217;atenci\u00f3 sanit\u00e0ria sigui efica\u00e7,...<\/p><a href=\"https:\/\/www.oafifoundation.com\/ca\/sostenibilidad-sistema-sanitario-y-calidad\/\" class=\"eael-post-elements-readmore-btn\">Llegir m\u00e9s<\/a><\/div>\n                    <\/div><div class=\"eael-entry-footer\"><div class=\"eael-entry-meta\"><span class=\"eael-posted-on\"><time datetime=\"02\/12\/2025\">02\/12\/2025<\/time><\/span><\/div><\/div><\/div><\/div>\n        <\/div>\n    <\/article><\/div>\n            <div class=\"clearfix\"><\/div>\n        <\/div>            <div class=\"eael-load-more-button-wrap\">\n                <button class=\"eael-load-more-button\" id=\"eael-load-more-btn-43f78e2\" data-widget-id=\"43f78e2\" data-widget=\"43f78e2\" data-page-id=\"31464\" data-template=\"{&quot;dir&quot;:&quot;lite&quot;,&quot;file_name&quot;:&quot;one.php&quot;,&quot;name&quot;:&quot;Post-Grid&quot;}\" data-class=\"Essential_Addons_Elementor\\Elements\\Post_Grid\" data-layout=\"masonry\" data-page=\"1\" data-args=\"orderby=date&amp;order=desc&amp;ignore_sticky_posts=1&amp;post_status=publish&amp;posts_per_page=12&amp;offset=0&amp;post_type=post&amp;tax_query%5B0%5D%5Btaxonomy%5D=category&amp;tax_query%5B0%5D%5Bfield%5D=term_id&amp;tax_query%5B0%5D%5Bterms%5D%5B0%5D=1286&amp;tax_query%5Brelation%5D=AND\" data-max-page=\"6\">\n                    <span class=\"eael-btn-loader button__loader\"><\/span>\n                    <span class=\"eael_load_more_text\">Carregar m\u00e9s<\/span>\n                <\/button>\n            <\/div>\n            \t\t\t\t<\/div>\n\t\t\t\t<\/div>\n\t\t\t\t\t<\/div>\n\t\t<\/div>\n\t\t\t\t\t<\/div>\n\t\t<\/section>\n\t\t\t\t<\/div>\n\t\t","protected":false},"excerpt":{"rendered":"<p>Blog \u00a1No se han encontrado publicaciones!<\/p>\n","protected":false},"author":1,"featured_media":0,"parent":0,"menu_order":0,"comment_status":"closed","ping_status":"closed","template":"","meta":{"footnotes":""},"class_list":["post-31464","page","type-page","status-publish","hentry"],"_links":{"self":[{"href":"https:\/\/www.oafifoundation.com\/ca\/wp-json\/wp\/v2\/pages\/31464","targetHints":{"allow":["GET"]}}],"collection":[{"href":"https:\/\/www.oafifoundation.com\/ca\/wp-json\/wp\/v2\/pages"}],"about":[{"href":"https:\/\/www.oafifoundation.com\/ca\/wp-json\/wp\/v2\/types\/page"}],"author":[{"embeddable":true,"href":"https:\/\/www.oafifoundation.com\/ca\/wp-json\/wp\/v2\/users\/1"}],"replies":[{"embeddable":true,"href":"https:\/\/www.oafifoundation.com\/ca\/wp-json\/wp\/v2\/comments?post=31464"}],"version-history":[{"count":8,"href":"https:\/\/www.oafifoundation.com\/ca\/wp-json\/wp\/v2\/pages\/31464\/revisions"}],"predecessor-version":[{"id":33154,"href":"https:\/\/www.oafifoundation.com\/ca\/wp-json\/wp\/v2\/pages\/31464\/revisions\/33154"}],"wp:attachment":[{"href":"https:\/\/www.oafifoundation.com\/ca\/wp-json\/wp\/v2\/media?parent=31464"}],"curies":[{"name":"wp","href":"https:\/\/api.w.org\/{rel}","templated":true}]}}