{"id":31565,"date":"2023-01-20T17:19:16","date_gmt":"2023-01-20T16:19:16","guid":{"rendered":"https:\/\/www.oafifoundation.com\/noticias-oafi\/"},"modified":"2023-06-29T18:37:07","modified_gmt":"2023-06-29T16:37:07","slug":"noticies-oafi","status":"publish","type":"page","link":"https:\/\/www.oafifoundation.com\/ca\/noticies-oafi\/","title":{"rendered":"Not\u00edcies OAFI"},"content":{"rendered":"\t\t<div data-elementor-type=\"wp-page\" data-elementor-id=\"31565\" class=\"elementor elementor-31565 elementor-28673\">\n\t\t\t\t\t\t<section class=\"has_eae_slider elementor-section elementor-top-section elementor-element elementor-element-278a164d elementor-section-stretched elementor-section-content-middle elementor-section-boxed elementor-section-height-default elementor-section-height-default\" data-eae-slider=\"64302\" data-id=\"278a164d\" data-element_type=\"section\" data-settings=\"{&quot;stretch_section&quot;:&quot;section-stretched&quot;,&quot;background_background&quot;:&quot;classic&quot;}\">\n\t\t\t\t\t\t\t<div class=\"elementor-background-overlay\"><\/div>\n\t\t\t\t\t\t\t<div class=\"elementor-container elementor-column-gap-default\">\n\t\t\t\t\t<div class=\"has_eae_slider elementor-column elementor-col-100 elementor-top-column elementor-element elementor-element-796e7a09 elementor-invisible\" data-eae-slider=\"24341\" data-id=\"796e7a09\" data-element_type=\"column\" data-settings=\"{&quot;animation&quot;:&quot;fadeIn&quot;}\">\n\t\t\t<div class=\"elementor-widget-wrap elementor-element-populated\">\n\t\t\t\t\t\t<div class=\"elementor-element elementor-element-2fce239a elementor-widget elementor-widget-heading\" data-id=\"2fce239a\" data-element_type=\"widget\" data-widget_type=\"heading.default\">\n\t\t\t\t<div class=\"elementor-widget-container\">\n\t\t\t\t\t<h1 class=\"elementor-heading-title elementor-size-default\">Not\u00edcies OAFI<\/h1>\t\t\t\t<\/div>\n\t\t\t\t<\/div>\n\t\t\t\t\t<\/div>\n\t\t<\/div>\n\t\t\t\t\t<\/div>\n\t\t<\/section>\n\t\t\t\t<section class=\"has_eae_slider elementor-section elementor-top-section elementor-element elementor-element-47585ff elementor-section-full_width elementor-section-height-default elementor-section-height-default elementor-invisible\" data-eae-slider=\"69285\" data-id=\"47585ff\" data-element_type=\"section\" data-settings=\"{&quot;animation&quot;:&quot;fadeIn&quot;}\">\n\t\t\t\t\t\t<div class=\"elementor-container elementor-column-gap-default\">\n\t\t\t\t\t<div class=\"has_eae_slider elementor-column elementor-col-100 elementor-top-column elementor-element elementor-element-1fac1e31\" data-eae-slider=\"39161\" data-id=\"1fac1e31\" data-element_type=\"column\">\n\t\t\t<div class=\"elementor-widget-wrap elementor-element-populated\">\n\t\t\t\t\t\t<div class=\"elementor-element elementor-element-43f78e2 elementor-grid-eael-col-3 elementor-grid-tablet-eael-col-2 elementor-grid-mobile-eael-col-1 elementor-widget elementor-widget-eael-post-grid\" data-id=\"43f78e2\" data-element_type=\"widget\" data-settings=\"{&quot;eael_post_grid_columns&quot;:&quot;eael-col-3&quot;,&quot;eael_post_grid_columns_tablet&quot;:&quot;eael-col-2&quot;,&quot;eael_post_grid_columns_mobile&quot;:&quot;eael-col-1&quot;}\" data-widget_type=\"eael-post-grid.default\">\n\t\t\t\t<div class=\"elementor-widget-container\">\n\t\t\t\t\t<div id=\"eael-post-grid-43f78e2\" class=\"eael-post-grid-container\">\n            <div class=\"eael-post-grid eael-post-appender eael-post-appender-43f78e2 eael-post-grid-style-one\" data-layout-mode=\"masonry\"><article class=\"eael-grid-post  eael-post-grid-column eael-pg-post-43751 category-articulando26-actualitat-amics-oafi-area-pacients-artrosi-artrosis-ca-blog-ca-congressos-consells-nutricio-consells-sobre-salut-articular-deporte-ca-dolor-ca-id-ca-noticies-oafi-nutricion-ca-oafi-sport-ca-osteoartritis-ca-osteopenia-osteoporosi-recerca-salud-ca-sense-categoria tags-articulando26-calidad-de-vida-ca-fundacion-oafi-ca\" data-id=\"43751\">\n        <div class=\"eael-grid-post-holder\">\n            <div class=\"eael-grid-post-holder-inner\"><div class=\"eael-entry-media\"><ul class=\"post-carousel-categories\"><li><a href=\"https:\/\/www.oafifoundation.com\/ca\/categoria-ca\/articulando26\/\">#Articulando26<\/a><\/li><\/ul><div class=\"eael-entry-overlay fade-in\"><i class=\"fas fa-long-arrow-alt-right\" aria-hidden=\"true\"><\/i><a href=\"https:\/\/www.oafifoundation.com\/ca\/articulando-el-deporte-estrategias-salud\/\"><\/a><\/div><div class=\"eael-entry-thumbnail \">\n                <img fetchpriority=\"high\" decoding=\"async\" width=\"300\" height=\"200\" src=\"https:\/\/www.oafifoundation.com\/wp-content\/uploads\/2026\/03\/Articulando-el-Deporte-1-300x200.jpeg\" class=\"attachment-medium size-medium wp-image-43740\" alt=\"Articulando el Deporte\" srcset=\"https:\/\/www.oafifoundation.com\/wp-content\/uploads\/2026\/03\/Articulando-el-Deporte-1-300x200.jpeg 300w, https:\/\/www.oafifoundation.com\/wp-content\/uploads\/2026\/03\/Articulando-el-Deporte-1-1024x683.jpeg 1024w, https:\/\/www.oafifoundation.com\/wp-content\/uploads\/2026\/03\/Articulando-el-Deporte-1-768x512.jpeg 768w, https:\/\/www.oafifoundation.com\/wp-content\/uploads\/2026\/03\/Articulando-el-Deporte-1.jpeg 1101w\" sizes=\"(max-width: 300px) 100vw, 300px\" \/>\n            <\/div>\n        <\/div><div class=\"eael-entry-wrapper\"><header class=\"eael-entry-header\"><h2 class=\"eael-entry-title\"><a class=\"eael-grid-post-link\" href=\"https:\/\/www.oafifoundation.com\/ca\/articulando-el-deporte-estrategias-salud\/\" title=\"Del col\u00b7lagen als microh\u00e0bits: Articulando el Deporte26, presenta les darreres estrat\u00e8gies per protegir la salut \u00f2ssia i prevenir l&#8217;artrosi en esportistes\">Del col\u00b7lagen als microh\u00e0bits: Articulando el Deporte26, presenta les darreres estrat\u00e8gies per protegir la salut \u00f2ssia i prevenir l&#8217;artrosi en esportistes<\/a><\/h2><\/header><div class=\"eael-entry-content\">\n                        <div class=\"eael-grid-post-excerpt\"><p>Madrid, 23 de mar\u00e7 de 2026 \u2013 La seu del Comit\u00e9 Ol\u00edmpico Espa\u00f1ol va acollir els dies 17 i 18 de mar\u00e7 la sisena edici\u00f3 del Congr\u00e9s Articulando el Deporte (#ARTICULANDO26), organitzat per l&#8217;Osteoarthritis Foundation International (OAFI) juntament amb la...<\/p><a href=\"https:\/\/www.oafifoundation.com\/ca\/articulando-el-deporte-estrategias-salud\/\" class=\"eael-post-elements-readmore-btn\">Llegir m\u00e9s<\/a><\/div>\n                    <\/div><div class=\"eael-entry-footer\"><div class=\"eael-entry-meta\"><span class=\"eael-posted-on\"><time datetime=\"25\/03\/2026\">25\/03\/2026<\/time><\/span><\/div><\/div><\/div><\/div>\n        <\/div>\n    <\/article><article class=\"eael-grid-post  eael-post-grid-column eael-pg-post-43438 category-actualitat-amics-oafi-area-pacients-artrosi-artrosis-ca-blog-ca-consells-sobre-salut-articular-dolor-ca-id-ca-noticies-oafi-oafi-space-ca-osteopenia-osteoporosi-recerca-salud-ca-sense-categoria tags-artrosis-ca-caida-en-la-ducha-caidas-caidas-bano-caidas-en-el-bano-concienciacion-ca-fractura-casera-fracturas-en-casa-fracturas-en-el-bano-fundacion-oafi-ca-investigacion-ca-prevencion-ca-renoveduch\" data-id=\"43438\">\n        <div class=\"eael-grid-post-holder\">\n            <div class=\"eael-grid-post-holder-inner\"><div class=\"eael-entry-media\"><ul class=\"post-carousel-categories\"><li><a href=\"https:\/\/www.oafifoundation.com\/ca\/categoria-ca\/actualitat\/\">Actualitat<\/a><\/li><\/ul><div class=\"eael-entry-overlay fade-in\"><i class=\"fas fa-long-arrow-alt-right\" aria-hidden=\"true\"><\/i><a href=\"https:\/\/www.oafifoundation.com\/ca\/estudio-afirma-65-caidas-en-cuarto-de-bano\/\"><\/a><\/div><div class=\"eael-entry-thumbnail \">\n                <img decoding=\"async\" width=\"300\" height=\"200\" src=\"https:\/\/www.oafifoundation.com\/wp-content\/uploads\/2026\/02\/caidas-300x200.jpg\" class=\"attachment-medium size-medium wp-image-43456\" alt=\"cai\u0301das\" srcset=\"https:\/\/www.oafifoundation.com\/wp-content\/uploads\/2026\/02\/caidas-300x200.jpg 300w, https:\/\/www.oafifoundation.com\/wp-content\/uploads\/2026\/02\/caidas-1024x683.jpg 1024w, https:\/\/www.oafifoundation.com\/wp-content\/uploads\/2026\/02\/caidas-768x512.jpg 768w, https:\/\/www.oafifoundation.com\/wp-content\/uploads\/2026\/02\/caidas-1536x1024.jpg 1536w, https:\/\/www.oafifoundation.com\/wp-content\/uploads\/2026\/02\/caidas-2048x1365.jpg 2048w\" sizes=\"(max-width: 300px) 100vw, 300px\" \/>\n            <\/div>\n        <\/div><div class=\"eael-entry-wrapper\"><header class=\"eael-entry-header\"><h2 class=\"eael-entry-title\"><a class=\"eael-grid-post-link\" href=\"https:\/\/www.oafifoundation.com\/ca\/estudio-afirma-65-caidas-en-cuarto-de-bano\/\" title=\"El 65% de les caigudes a les nostres llars ocorren a la cambra de bany\">El 65% de les caigudes a les nostres llars ocorren a la cambra de bany<\/a><\/h2><\/header><div class=\"eael-entry-content\">\n                        <div class=\"eael-grid-post-excerpt\"><p>Barcelona, 25 de febrer de 2026 \u2013 Un estudi impulsat per la Fundaci\u00f3 Internacional de Pacients amb Artrosi i Osteoporosi (OAFI) confirma que l&#8217;adaptaci\u00f3 del bany, especialment mitjan\u00e7ant la substituci\u00f3 de banyeres per dutxes arran de terra, incrementa de manera...<\/p><a href=\"https:\/\/www.oafifoundation.com\/ca\/estudio-afirma-65-caidas-en-cuarto-de-bano\/\" class=\"eael-post-elements-readmore-btn\">Llegir m\u00e9s<\/a><\/div>\n                    <\/div><div class=\"eael-entry-footer\"><div class=\"eael-entry-meta\"><span class=\"eael-posted-on\"><time datetime=\"25\/02\/2026\">25\/02\/2026<\/time><\/span><\/div><\/div><\/div><\/div>\n        <\/div>\n    <\/article><article class=\"eael-grid-post  eael-post-grid-column eael-pg-post-43420 category-actualitat-amics-oafi-artrosi-consells-sobre-salut-articular-dolor-ca-noticies-oafi-oafi-contigo-oafi-with-you-recerca tags-artrosis-ca-calidad-de-vida-ca-concienciacion-ca-fundacion-oafi-ca-oafi-ca-oafi-with-you-ca-prevencion-ca-salud-articular-ca-umas\" data-id=\"43420\">\n        <div class=\"eael-grid-post-holder\">\n            <div class=\"eael-grid-post-holder-inner\"><div class=\"eael-entry-media\"><ul class=\"post-carousel-categories\"><li><a href=\"https:\/\/www.oafifoundation.com\/ca\/categoria-ca\/actualitat\/\">Actualitat<\/a><\/li><\/ul><div class=\"eael-entry-overlay fade-in\"><i class=\"fas fa-long-arrow-alt-right\" aria-hidden=\"true\"><\/i><a href=\"https:\/\/www.oafifoundation.com\/ca\/oafi-y-umas-proyecto-oafi-contigo\/\"><\/a><\/div><div class=\"eael-entry-thumbnail \">\n                <img decoding=\"async\" width=\"300\" height=\"174\" src=\"https:\/\/www.oafifoundation.com\/wp-content\/uploads\/2026\/02\/WhatsApp-Image-2026-02-23-at-10.51.15-300x174.jpeg\" class=\"attachment-medium size-medium wp-image-43417\" alt=\"UMAS\" srcset=\"https:\/\/www.oafifoundation.com\/wp-content\/uploads\/2026\/02\/WhatsApp-Image-2026-02-23-at-10.51.15-300x174.jpeg 300w, https:\/\/www.oafifoundation.com\/wp-content\/uploads\/2026\/02\/WhatsApp-Image-2026-02-23-at-10.51.15-1024x596.jpeg 1024w, https:\/\/www.oafifoundation.com\/wp-content\/uploads\/2026\/02\/WhatsApp-Image-2026-02-23-at-10.51.15-768x447.jpeg 768w, https:\/\/www.oafifoundation.com\/wp-content\/uploads\/2026\/02\/WhatsApp-Image-2026-02-23-at-10.51.15-1536x893.jpeg 1536w, https:\/\/www.oafifoundation.com\/wp-content\/uploads\/2026\/02\/WhatsApp-Image-2026-02-23-at-10.51.15-2048x1191.jpeg 2048w\" sizes=\"(max-width: 300px) 100vw, 300px\" \/>\n            <\/div>\n        <\/div><div class=\"eael-entry-wrapper\"><header class=\"eael-entry-header\"><h2 class=\"eael-entry-title\"><a class=\"eael-grid-post-link\" href=\"https:\/\/www.oafifoundation.com\/ca\/oafi-y-umas-proyecto-oafi-contigo\/\" title=\"La Fundaci\u00f3 OAFI i UMAS Assegurances llancen el projecte \u201cFe sense Barreres \u2013 OAFI with you\u201d per millorar la qualitat de vida de persones religioses amb problemes osteoarticulars\">La Fundaci\u00f3 OAFI i UMAS Assegurances llancen el projecte \u201cFe sense Barreres \u2013 OAFI with you\u201d per millorar la qualitat de vida de persones religioses amb problemes osteoarticulars<\/a><\/h2><\/header><div class=\"eael-entry-content\">\n                        <div class=\"eael-grid-post-excerpt\"><p>Barcelona, 23 de febrer de 2026. La Fundaci\u00f3 OAFI (Fundaci\u00f3 Internacional de l&#8217;Artrosi i l&#8217;Osteoporosi) i UMAS Asseguranceshan engegat el projecte \u201cFe sense Barreres \u2013 OAFI With You\u201d, una iniciativa pionera que uneix espiritualitat i salut comunit\u00e0ria per millorar la...<\/p><a href=\"https:\/\/www.oafifoundation.com\/ca\/oafi-y-umas-proyecto-oafi-contigo\/\" class=\"eael-post-elements-readmore-btn\">Llegir m\u00e9s<\/a><\/div>\n                    <\/div><div class=\"eael-entry-footer\"><div class=\"eael-entry-meta\"><span class=\"eael-posted-on\"><time datetime=\"23\/02\/2026\">23\/02\/2026<\/time><\/span><\/div><\/div><\/div><\/div>\n        <\/div>\n    <\/article><article class=\"eael-grid-post  eael-post-grid-column eael-pg-post-43148 category-actualitat-amics-oafi-area-pacients-artrosi-consells-sobre-salut-articular-noticies-oafi-nutricion-ca-osteoartritis-ca-recerca-salud-ca tags-artrosis-ca-calidad-de-vida-ca-concienciacion-ca-diabetes-diabetes-y-artrosis-diabetis-diabetis-i-artrosi-dolor-ca-fede-fundacion-oafi-ca-oafi-ca-salud-articular-ca\" data-id=\"43148\">\n        <div class=\"eael-grid-post-holder\">\n            <div class=\"eael-grid-post-holder-inner\"><div class=\"eael-entry-media\"><ul class=\"post-carousel-categories\"><li><a href=\"https:\/\/www.oafifoundation.com\/ca\/categoria-ca\/actualitat\/\">Actualitat<\/a><\/li><\/ul><div class=\"eael-entry-overlay fade-in\"><i class=\"fas fa-long-arrow-alt-right\" aria-hidden=\"true\"><\/i><a href=\"https:\/\/www.oafifoundation.com\/ca\/oafi-fede-salud-osteoarticular-diabetes\/\"><\/a><\/div><div class=\"eael-entry-thumbnail \">\n                <img loading=\"lazy\" decoding=\"async\" width=\"300\" height=\"150\" src=\"https:\/\/www.oafifoundation.com\/wp-content\/uploads\/2026\/02\/Fed-300x150.jpg\" class=\"attachment-medium size-medium wp-image-43142\" alt=\"Fede\" srcset=\"https:\/\/www.oafifoundation.com\/wp-content\/uploads\/2026\/02\/Fed-300x150.jpg 300w, https:\/\/www.oafifoundation.com\/wp-content\/uploads\/2026\/02\/Fed-1024x512.jpg 1024w, https:\/\/www.oafifoundation.com\/wp-content\/uploads\/2026\/02\/Fed-768x384.jpg 768w, https:\/\/www.oafifoundation.com\/wp-content\/uploads\/2026\/02\/Fed-1536x768.jpg 1536w, https:\/\/www.oafifoundation.com\/wp-content\/uploads\/2026\/02\/Fed-2048x1024.jpg 2048w\" sizes=\"(max-width: 300px) 100vw, 300px\" \/>\n            <\/div>\n        <\/div><div class=\"eael-entry-wrapper\"><header class=\"eael-entry-header\"><h2 class=\"eael-entry-title\"><a class=\"eael-grid-post-link\" href=\"https:\/\/www.oafifoundation.com\/ca\/oafi-fede-salud-osteoarticular-diabetes\/\" title=\"FEDE i OAFI signen un conveni per impulsar accions conjuntes en salut osteoarticular i diabetis\">FEDE i OAFI signen un conveni per impulsar accions conjuntes en salut osteoarticular i diabetis<\/a><\/h2><\/header><div class=\"eael-entry-content\">\n                        <div class=\"eael-grid-post-excerpt\"><p>Madrid, 5 de febrer de 2026. La diabetis tipus 2 est\u00e0 associada amb una probabilitat m\u00e9s gran de desenvolupar osteoartritis o artrosi. En aquest context, l&#8217;Osteoarthritis Foundation International (OAFI) i la Federaci\u00f3n Espa\u00f1ola de Diabetes (FEDE) han subscrit un conveni...<\/p><a href=\"https:\/\/www.oafifoundation.com\/ca\/oafi-fede-salud-osteoarticular-diabetes\/\" class=\"eael-post-elements-readmore-btn\">Llegir m\u00e9s<\/a><\/div>\n                    <\/div><div class=\"eael-entry-footer\"><div class=\"eael-entry-meta\"><span class=\"eael-posted-on\"><time datetime=\"05\/02\/2026\">05\/02\/2026<\/time><\/span><\/div><\/div><\/div><\/div>\n        <\/div>\n    <\/article><article class=\"eael-grid-post  eael-post-grid-column eael-pg-post-42939 category-actualitat-amics-oafi-area-pacients-artrosi-consells-sobre-salut-articular-deporte-ca-id-ca-noticies-oafi-responsabilidad-social-corporativa-ca-salud-ca-uncategorized-en tags-calidad-de-vida-ca-concienciacion-ca-fundacion-internacional-de-la-artrosis-ca-oafi-ca-prevencion-ca-salud-articular-ca-universitat-i-salut-universitats-uvic\" data-id=\"42939\">\n        <div class=\"eael-grid-post-holder\">\n            <div class=\"eael-grid-post-holder-inner\"><div class=\"eael-entry-media\"><ul class=\"post-carousel-categories\"><li><a href=\"https:\/\/www.oafifoundation.com\/ca\/categoria-ca\/actualitat\/\">Actualitat<\/a><\/li><\/ul><div class=\"eael-entry-overlay fade-in\"><i class=\"fas fa-long-arrow-alt-right\" aria-hidden=\"true\"><\/i><a href=\"https:\/\/www.oafifoundation.com\/ca\/es-crea-sonar-la-catedra-de-salut-a-uvic\/\"><\/a><\/div><div class=\"eael-entry-thumbnail \">\n                <img loading=\"lazy\" decoding=\"async\" width=\"300\" height=\"158\" src=\"https:\/\/www.oafifoundation.com\/wp-content\/uploads\/2026\/01\/catedra-de-salut-300x158.jpg\" class=\"attachment-medium size-medium wp-image-42941\" alt=\"c\u00e0tedra de salut\" srcset=\"https:\/\/www.oafifoundation.com\/wp-content\/uploads\/2026\/01\/catedra-de-salut-300x158.jpg 300w, https:\/\/www.oafifoundation.com\/wp-content\/uploads\/2026\/01\/catedra-de-salut-1024x539.jpg 1024w, https:\/\/www.oafifoundation.com\/wp-content\/uploads\/2026\/01\/catedra-de-salut-768x404.jpg 768w, https:\/\/www.oafifoundation.com\/wp-content\/uploads\/2026\/01\/catedra-de-salut-1536x809.jpg 1536w, https:\/\/www.oafifoundation.com\/wp-content\/uploads\/2026\/01\/catedra-de-salut-2048x1078.jpg 2048w\" sizes=\"(max-width: 300px) 100vw, 300px\" \/>\n            <\/div>\n        <\/div><div class=\"eael-entry-wrapper\"><header class=\"eael-entry-header\"><h2 class=\"eael-entry-title\"><a class=\"eael-grid-post-link\" href=\"https:\/\/www.oafifoundation.com\/ca\/es-crea-sonar-la-catedra-de-salut-a-uvic\/\" title=\"Es crea la C\u00e0tedra SONAR, una c\u00e0tedra de salut de la UVic-UCC, per fomentar la salut i la prevenci\u00f3 en l\u2019esport i l\u2019activitat f\u00edsica\">Es crea la C\u00e0tedra SONAR, una c\u00e0tedra de salut de la UVic-UCC, per fomentar la salut i la prevenci\u00f3 en l\u2019esport i l\u2019activitat f\u00edsica<\/a><\/h2><\/header><div class=\"eael-entry-content\">\n                        <div class=\"eael-grid-post-excerpt\"><p>Vic, 27 de gener de 2026.- La Universitat de Vic &#8211; Universitat Central de Catalunya (UVic-UCC) incorpora una nova c\u00e0tedra al seu ecosistema de recerca i transfer\u00e8ncia de coneixement. Es tracta de la C\u00e0tedra SONAR &#8211; Salut i Prevenci\u00f3 en...<\/p><a href=\"https:\/\/www.oafifoundation.com\/ca\/es-crea-sonar-la-catedra-de-salut-a-uvic\/\" class=\"eael-post-elements-readmore-btn\">Llegir m\u00e9s<\/a><\/div>\n                    <\/div><div class=\"eael-entry-footer\"><div class=\"eael-entry-meta\"><span class=\"eael-posted-on\"><time datetime=\"27\/01\/2026\">27\/01\/2026<\/time><\/span><\/div><\/div><\/div><\/div>\n        <\/div>\n    <\/article><article class=\"eael-grid-post  eael-post-grid-column eael-pg-post-42791 category-noticies-oafi-articulando26-actualitat-amics-oafi-deporte-ca-oafi-sport-ca-salud-ca tags-apdm-articulando26-congreso-articulando-el-deporte-fundacion-oafi-ca-oafi-ca-premio-medicina-y-deporte-2025-prensa-deportiva-de-madrid-salud-articular-ca\" data-id=\"42791\">\n        <div class=\"eael-grid-post-holder\">\n            <div class=\"eael-grid-post-holder-inner\"><div class=\"eael-entry-media\"><ul class=\"post-carousel-categories\"><li><a href=\"https:\/\/www.oafifoundation.com\/ca\/categoria-ca\/noticies-oafi\/\">Not\u00edcies d\u2019OAFI<\/a><\/li><\/ul><div class=\"eael-entry-overlay fade-in\"><i class=\"fas fa-long-arrow-alt-right\" aria-hidden=\"true\"><\/i><a href=\"https:\/\/www.oafifoundation.com\/ca\/dr-jose-maria-villalon-medicina-deporte\/\"><\/a><\/div><div class=\"eael-entry-thumbnail \">\n                <img loading=\"lazy\" decoding=\"async\" width=\"300\" height=\"200\" src=\"https:\/\/www.oafifoundation.com\/wp-content\/uploads\/2026\/01\/WhatsApp-Image-2026-01-14-at-12.50.12-300x200.jpeg\" class=\"attachment-medium size-medium wp-image-42796\" alt=\"Dr. Jos\u00e9 Mar\u00eda Villal\u00f3n\" srcset=\"https:\/\/www.oafifoundation.com\/wp-content\/uploads\/2026\/01\/WhatsApp-Image-2026-01-14-at-12.50.12-300x200.jpeg 300w, https:\/\/www.oafifoundation.com\/wp-content\/uploads\/2026\/01\/WhatsApp-Image-2026-01-14-at-12.50.12-1024x682.jpeg 1024w, https:\/\/www.oafifoundation.com\/wp-content\/uploads\/2026\/01\/WhatsApp-Image-2026-01-14-at-12.50.12-768x512.jpeg 768w, https:\/\/www.oafifoundation.com\/wp-content\/uploads\/2026\/01\/WhatsApp-Image-2026-01-14-at-12.50.12-1536x1023.jpeg 1536w, https:\/\/www.oafifoundation.com\/wp-content\/uploads\/2026\/01\/WhatsApp-Image-2026-01-14-at-12.50.12.jpeg 1600w\" sizes=\"(max-width: 300px) 100vw, 300px\" \/>\n            <\/div>\n        <\/div><div class=\"eael-entry-wrapper\"><header class=\"eael-entry-header\"><h2 class=\"eael-entry-title\"><a class=\"eael-grid-post-link\" href=\"https:\/\/www.oafifoundation.com\/ca\/dr-jose-maria-villalon-medicina-deporte\/\" title=\"Felicitats! al Dr. Jos\u00e9 Mar\u00eda Villal\u00f3n, distingit amb el Premi Medicina i Esport 2025, atorgat per l&#8217;Associaci\u00f3 de la Premsa Esportiva de Madrid (APDM).\">Felicitats! al Dr. Jos\u00e9 Mar\u00eda Villal\u00f3n, distingit amb el Premi Medicina i Esport 2025, atorgat per l&#8217;Associaci\u00f3 de la Premsa Esportiva de Madrid (APDM).<\/a><\/h2><\/header><div class=\"eael-entry-content\">\n                        <div class=\"eael-grid-post-excerpt\"><p>\ud83c\udf89 Estem de celebraci\u00f3 amb el Dr. Jos\u00e9 Mar\u00eda Villal\u00f3n! \ud83e\ude7a\ud83c\udfc6 Des d&#8217;OAFI volem felicitar de tot cor el Dr. Jos\u00e9 Mar\u00eda Villal\u00f3n, cap dels Serveis M\u00e8dics de l&#8217;Atl\u00e8tic de Madrid, per haver estat distingit amb el Premi Medicina i...<\/p><a href=\"https:\/\/www.oafifoundation.com\/ca\/dr-jose-maria-villalon-medicina-deporte\/\" class=\"eael-post-elements-readmore-btn\">Llegir m\u00e9s<\/a><\/div>\n                    <\/div><div class=\"eael-entry-footer\"><div class=\"eael-entry-meta\"><span class=\"eael-posted-on\"><time datetime=\"14\/01\/2026\">14\/01\/2026<\/time><\/span><\/div><\/div><\/div><\/div>\n        <\/div>\n    <\/article><article class=\"eael-grid-post  eael-post-grid-column eael-pg-post-42463 category-actualitat-amics-oafi-area-pacients-artrosi-artrosis-ca-blog-ca-consells-nutricio-consells-sobre-salut-articular-noticies-oafi-nutricion-ca-osteoartritis-ca-osteopenia-osteoporosis-en-ca-salud-ca tags-cuina-de-la-cerdanya-mostra-cuina-popular-nabo-nap-nap-de-la-cerdanya\" data-id=\"42463\">\n        <div class=\"eael-grid-post-holder\">\n            <div class=\"eael-grid-post-holder-inner\"><div class=\"eael-entry-media\"><ul class=\"post-carousel-categories\"><li><a href=\"https:\/\/www.oafifoundation.com\/ca\/categoria-ca\/actualitat\/\">Actualitat<\/a><\/li><\/ul><div class=\"eael-entry-overlay fade-in\"><i class=\"fas fa-long-arrow-alt-right\" aria-hidden=\"true\"><\/i><a href=\"https:\/\/www.oafifoundation.com\/ca\/oafi-en-la-34a-muestra-del-nabo-de-ger\/\"><\/a><\/div><div class=\"eael-entry-thumbnail \">\n                <img loading=\"lazy\" decoding=\"async\" width=\"300\" height=\"133\" src=\"https:\/\/www.oafifoundation.com\/wp-content\/uploads\/2025\/11\/Nap-Cerdanya-1-300x133.jpg\" class=\"attachment-medium size-medium wp-image-42457\" alt=\"Nabo\" srcset=\"https:\/\/www.oafifoundation.com\/wp-content\/uploads\/2025\/11\/Nap-Cerdanya-1-300x133.jpg 300w, https:\/\/www.oafifoundation.com\/wp-content\/uploads\/2025\/11\/Nap-Cerdanya-1-768x341.jpg 768w, https:\/\/www.oafifoundation.com\/wp-content\/uploads\/2025\/11\/Nap-Cerdanya-1.jpg 900w\" sizes=\"(max-width: 300px) 100vw, 300px\" \/>\n            <\/div>\n        <\/div><div class=\"eael-entry-wrapper\"><header class=\"eael-entry-header\"><h2 class=\"eael-entry-title\"><a class=\"eael-grid-post-link\" href=\"https:\/\/www.oafifoundation.com\/ca\/oafi-en-la-34a-muestra-del-nabo-de-ger\/\" title=\"OAFI a la 34a Mostra de Cuina Popular del nap de la Cerdanya\">OAFI a la 34a Mostra de Cuina Popular del nap de la Cerdanya<\/a><\/h2><\/header><div class=\"eael-entry-content\">\n                        <div class=\"eael-grid-post-excerpt\"><p>Aquest esdeveniment culinari ic\u00f2nic posa en valor el nap, un aut\u00e8ntic tresor gastron\u00f2mic que, des de temps immemorials, d\u00f3na personalitat a la cuina cerdana. Des de la sembra, a finals de juliol, fins a la collita d&#8217;octubre, els naps creixen...<\/p><a href=\"https:\/\/www.oafifoundation.com\/ca\/oafi-en-la-34a-muestra-del-nabo-de-ger\/\" class=\"eael-post-elements-readmore-btn\">Llegir m\u00e9s<\/a><\/div>\n                    <\/div><div class=\"eael-entry-footer\"><div class=\"eael-entry-meta\"><span class=\"eael-posted-on\"><time datetime=\"19\/11\/2025\">19\/11\/2025<\/time><\/span><\/div><\/div><\/div><\/div>\n        <\/div>\n    <\/article><article class=\"eael-grid-post  eael-post-grid-column eael-pg-post-41926 category-actualitat-amics-oafi-artrosi-id-ca-noticies-oafi-oafi-space-ca-osteoartritis-ca-osteoporosis-en-ca-recerca-salud-ca-sense-categoria tags-artrosis-ca-ballesol-ca-ballesol-logrono-ca-concienciacion-ca-fundacion-oafi-ca-investigacion-ca-oafi-ca-oafi-space-ca-prevencion-ca-residencia-ballesol-ca-salud-articular-ca\" data-id=\"41926\">\n        <div class=\"eael-grid-post-holder\">\n            <div class=\"eael-grid-post-holder-inner\"><div class=\"eael-entry-media\"><ul class=\"post-carousel-categories\"><li><a href=\"https:\/\/www.oafifoundation.com\/ca\/categoria-ca\/actualitat\/\">Actualitat<\/a><\/li><\/ul><div class=\"eael-entry-overlay fade-in\"><i class=\"fas fa-long-arrow-alt-right\" aria-hidden=\"true\"><\/i><a href=\"https:\/\/www.oafifoundation.com\/ca\/ballesol-la-rioja-certificacion-oafi-space\/\"><\/a><\/div><div class=\"eael-entry-thumbnail \">\n                <img loading=\"lazy\" decoding=\"async\" width=\"300\" height=\"225\" src=\"https:\/\/www.oafifoundation.com\/wp-content\/uploads\/2025\/10\/La-Rioja-1-300x225.jpeg\" class=\"attachment-medium size-medium wp-image-41932\" alt=\"La Rioja\" srcset=\"https:\/\/www.oafifoundation.com\/wp-content\/uploads\/2025\/10\/La-Rioja-1-300x225.jpeg 300w, https:\/\/www.oafifoundation.com\/wp-content\/uploads\/2025\/10\/La-Rioja-1-1024x768.jpeg 1024w, https:\/\/www.oafifoundation.com\/wp-content\/uploads\/2025\/10\/La-Rioja-1-768x576.jpeg 768w, https:\/\/www.oafifoundation.com\/wp-content\/uploads\/2025\/10\/La-Rioja-1-1536x1152.jpeg 1536w, https:\/\/www.oafifoundation.com\/wp-content\/uploads\/2025\/10\/La-Rioja-1.jpeg 1600w\" sizes=\"(max-width: 300px) 100vw, 300px\" \/>\n            <\/div>\n        <\/div><div class=\"eael-entry-wrapper\"><header class=\"eael-entry-header\"><h2 class=\"eael-entry-title\"><a class=\"eael-grid-post-link\" href=\"https:\/\/www.oafifoundation.com\/ca\/ballesol-la-rioja-certificacion-oafi-space\/\" title=\"M\u00e9s de 73.000 persones majors de 15 anys de La Rioja pateix dolor cr\u00f2nic\">M\u00e9s de 73.000 persones majors de 15 anys de La Rioja pateix dolor cr\u00f2nic<\/a><\/h2><\/header><div class=\"eael-entry-content\">\n                        <div class=\"eael-grid-post-excerpt\"><p>Logronyo, 30 d&#8217;octubre 2025 Aquest dimecres 29 d&#8217;octubre, la Osteoarthritis Foundation International (OAFI), sota la iniciativa OAFI Space, un programa in\u00e8dit a nivell nacional i internacional, fruit de la R+D d&#8217;OAFI, que observa, revisa i certifica espais en funci\u00f3 de...<\/p><a href=\"https:\/\/www.oafifoundation.com\/ca\/ballesol-la-rioja-certificacion-oafi-space\/\" class=\"eael-post-elements-readmore-btn\">Llegir m\u00e9s<\/a><\/div>\n                    <\/div><div class=\"eael-entry-footer\"><div class=\"eael-entry-meta\"><span class=\"eael-posted-on\"><time datetime=\"30\/10\/2025\">30\/10\/2025<\/time><\/span><\/div><\/div><\/div><\/div>\n        <\/div>\n    <\/article><article class=\"eael-grid-post  eael-post-grid-column eael-pg-post-41888 category-actualitat-amics-oafi-area-pacients-artrosi-congressos-consells-nutricio-consells-sobre-salut-articular-deporte-ca-dolor-ca-id-ca-noticies-oafi-nutricion-ca-oafi-space-ca-oafi-sport-ca-oafi-woman-ca-osteoartritis-ca-osteoporosi-osteoporosis-en-ca-recerca-responsabilidad-social-corporativa-ca-salud-ca-sarcopenia-ca-sense-categoria tags-mas-fuertes-que-el-dolor-ca-artrosis-ca-calidad-de-vida-ca-concienciacion-ca-congres-oafi-ca-congreso-oafi-ca-dolor-ca-fundacion-internacional-de-la-artrosis-ca-fundacion-oafi-ca-oaficongress25-ca-prevencion-ca-salud-articular-ca\" data-id=\"41888\">\n        <div class=\"eael-grid-post-holder\">\n            <div class=\"eael-grid-post-holder-inner\"><div class=\"eael-entry-media\"><ul class=\"post-carousel-categories\"><li><a href=\"https:\/\/www.oafifoundation.com\/ca\/categoria-ca\/actualitat\/\">Actualitat<\/a><\/li><\/ul><div class=\"eael-entry-overlay fade-in\"><i class=\"fas fa-long-arrow-alt-right\" aria-hidden=\"true\"><\/i><a href=\"https:\/\/www.oafifoundation.com\/ca\/mas-fuertes-que-el-dolor-oafi-9o-congreso\/\"><\/a><\/div><div class=\"eael-entry-thumbnail \">\n                <img loading=\"lazy\" decoding=\"async\" width=\"300\" height=\"147\" src=\"https:\/\/www.oafifoundation.com\/wp-content\/uploads\/2025\/10\/22Mas-fuertes-que-el-dolor22-300x147.jpg\" class=\"attachment-medium size-medium wp-image-41883\" alt=\"Ma\u0301s fuertes que el dolor\" srcset=\"https:\/\/www.oafifoundation.com\/wp-content\/uploads\/2025\/10\/22Mas-fuertes-que-el-dolor22-300x147.jpg 300w, https:\/\/www.oafifoundation.com\/wp-content\/uploads\/2025\/10\/22Mas-fuertes-que-el-dolor22-768x377.jpg 768w, https:\/\/www.oafifoundation.com\/wp-content\/uploads\/2025\/10\/22Mas-fuertes-que-el-dolor22.jpg 974w\" sizes=\"(max-width: 300px) 100vw, 300px\" \/>\n            <\/div>\n        <\/div><div class=\"eael-entry-wrapper\"><header class=\"eael-entry-header\"><h2 class=\"eael-entry-title\"><a class=\"eael-grid-post-link\" href=\"https:\/\/www.oafifoundation.com\/ca\/mas-fuertes-que-el-dolor-oafi-9o-congreso\/\" title=\"M\u00e9s fortes que el dolor\">M\u00e9s fortes que el dolor<\/a><\/h2><\/header><div class=\"eael-entry-content\">\n                        <div class=\"eael-grid-post-excerpt\"><p>LA FUNDACI\u00d3 OAFI CELEBRA EL 9\u00e8 CONGR\u00c9S INTERNACIONAL DE PACIENTS AMB ARTROSI I OSTEOPOROSI. AMB EL LEMA &#8220;M\u00c9S FORTES QUE EL DOLOR&#8221;, M\u00c9S DE 500 PACIENTS AMB ARTROSI I OSTROPOROSI ES REUNEIXEN A BARCELONA PER TRENCAR EL SILENCI SOBRE EL...<\/p><a href=\"https:\/\/www.oafifoundation.com\/ca\/mas-fuertes-que-el-dolor-oafi-9o-congreso\/\" class=\"eael-post-elements-readmore-btn\">Llegir m\u00e9s<\/a><\/div>\n                    <\/div><div class=\"eael-entry-footer\"><div class=\"eael-entry-meta\"><span class=\"eael-posted-on\"><time datetime=\"28\/10\/2025\">28\/10\/2025<\/time><\/span><\/div><\/div><\/div><\/div>\n        <\/div>\n    <\/article><article class=\"eael-grid-post  eael-post-grid-column eael-pg-post-41810 category-actualitat-area-pacients-artrosi-artrosis-ca-blog-ca-consells-nutricio-consells-sobre-salut-articular-deporte-ca-dolor-ca-noticies-oafi-nutricion-ca-oafi-sport-ca-oafi-woman-ca-osteoartritis-ca-osteoporosis-en-ca-recerca-responsabilidad-social-corporativa-ca-salud-ca-sense-categoria tags-calidad-de-vida-ca-deporte-ca-fundacion-oafi-ca-oafi-ca-oafi-sport-ca-oafi-woman-ca-prevencion-ca-salud-articular-ca-taf-ca-triada-ca\" data-id=\"41810\">\n        <div class=\"eael-grid-post-holder\">\n            <div class=\"eael-grid-post-holder-inner\"><div class=\"eael-entry-media\"><ul class=\"post-carousel-categories\"><li><a href=\"https:\/\/www.oafifoundation.com\/ca\/categoria-ca\/actualitat\/\">Actualitat<\/a><\/li><\/ul><div class=\"eael-entry-overlay fade-in\"><i class=\"fas fa-long-arrow-alt-right\" aria-hidden=\"true\"><\/i><a href=\"https:\/\/www.oafifoundation.com\/ca\/triada-taf-desequilibrio-deporte-y-salud\/\"><\/a><\/div><div class=\"eael-entry-thumbnail \">\n                <img loading=\"lazy\" decoding=\"async\" width=\"300\" height=\"200\" src=\"https:\/\/www.oafifoundation.com\/wp-content\/uploads\/2025\/10\/Triada-1-300x200.jpg\" class=\"attachment-medium size-medium wp-image-41828\" alt=\"Tri\u0301ada\" srcset=\"https:\/\/www.oafifoundation.com\/wp-content\/uploads\/2025\/10\/Triada-1-300x200.jpg 300w, https:\/\/www.oafifoundation.com\/wp-content\/uploads\/2025\/10\/Triada-1-1024x683.jpg 1024w, https:\/\/www.oafifoundation.com\/wp-content\/uploads\/2025\/10\/Triada-1-768x512.jpg 768w, https:\/\/www.oafifoundation.com\/wp-content\/uploads\/2025\/10\/Triada-1-1536x1024.jpg 1536w, https:\/\/www.oafifoundation.com\/wp-content\/uploads\/2025\/10\/Triada-1-2048x1366.jpg 2048w\" sizes=\"(max-width: 300px) 100vw, 300px\" \/>\n            <\/div>\n        <\/div><div class=\"eael-entry-wrapper\"><header class=\"eael-entry-header\"><h2 class=\"eael-entry-title\"><a class=\"eael-grid-post-link\" href=\"https:\/\/www.oafifoundation.com\/ca\/triada-taf-desequilibrio-deporte-y-salud\/\" title=\"Tr\u00edada de l&#8217;atleta (TAF): un desequilibri entre l&#8217;esport i la salut\">Tr\u00edada de l&#8217;atleta (TAF): un desequilibri entre l&#8217;esport i la salut<\/a><\/h2><\/header><div class=\"eael-entry-content\">\n                        <div class=\"eael-grid-post-excerpt\"><p>Article de Jos\u00e9 Lu\u00eds Baquero, coordinador de RSC, RI i Acc\u00e9s, Fundaci\u00f3 OAFI i Alejandro Baquero Zazo, Marta Garc\u00eda Manrique, \u00c0ngel Gonz\u00e1lez de la Flor, Nina Mart\u00ednez Fern\u00e1ndez, Jose Luis Neyro Bilbao i Josep Verg\u00e9s Milano Article publicat a The...<\/p><a href=\"https:\/\/www.oafifoundation.com\/ca\/triada-taf-desequilibrio-deporte-y-salud\/\" class=\"eael-post-elements-readmore-btn\">Llegir m\u00e9s<\/a><\/div>\n                    <\/div><div class=\"eael-entry-footer\"><div class=\"eael-entry-meta\"><span class=\"eael-posted-on\"><time datetime=\"20\/10\/2025\">20\/10\/2025<\/time><\/span><\/div><\/div><\/div><\/div>\n        <\/div>\n    <\/article><article class=\"eael-grid-post  eael-post-grid-column eael-pg-post-41702 category-actualitat-deporte-ca-noticies-oafi-oafi-sport-ca-salud-ca tags-atletismo-ca-ayuda-ca-ayudar-ca-becas-ca-becas-garcia-bragado-ca-calidad-de-vida-ca-fundacion-internacional-de-la-artrosis-ca-fundacion-oafi-ca-garcia-bragado-ca-kern-pharma-ca-oafi-ca-prevencion-ca-salud-articular-ca\" data-id=\"41702\">\n        <div class=\"eael-grid-post-holder\">\n            <div class=\"eael-grid-post-holder-inner\"><div class=\"eael-entry-media\"><ul class=\"post-carousel-categories\"><li><a href=\"https:\/\/www.oafifoundation.com\/ca\/categoria-ca\/actualitat\/\">Actualitat<\/a><\/li><\/ul><div class=\"eael-entry-overlay fade-in\"><i class=\"fas fa-long-arrow-alt-right\" aria-hidden=\"true\"><\/i><a href=\"https:\/\/www.oafifoundation.com\/ca\/la-iv-edicion-de-las-becas-garcia-bragado\/\"><\/a><\/div><div class=\"eael-entry-thumbnail \">\n                <img loading=\"lazy\" decoding=\"async\" width=\"300\" height=\"201\" src=\"https:\/\/www.oafifoundation.com\/wp-content\/uploads\/2025\/10\/Kern-Pharma-300x201.jpeg\" class=\"attachment-medium size-medium wp-image-41709\" alt=\"Becas Garc\u00eda Bragado\" srcset=\"https:\/\/www.oafifoundation.com\/wp-content\/uploads\/2025\/10\/Kern-Pharma-300x201.jpeg 300w, https:\/\/www.oafifoundation.com\/wp-content\/uploads\/2025\/10\/Kern-Pharma-1024x684.jpeg 1024w, https:\/\/www.oafifoundation.com\/wp-content\/uploads\/2025\/10\/Kern-Pharma-768x513.jpeg 768w, https:\/\/www.oafifoundation.com\/wp-content\/uploads\/2025\/10\/Kern-Pharma-1536x1027.jpeg 1536w, https:\/\/www.oafifoundation.com\/wp-content\/uploads\/2025\/10\/Kern-Pharma.jpeg 1562w\" sizes=\"(max-width: 300px) 100vw, 300px\" \/>\n            <\/div>\n        <\/div><div class=\"eael-entry-wrapper\"><header class=\"eael-entry-header\"><h2 class=\"eael-entry-title\"><a class=\"eael-grid-post-link\" href=\"https:\/\/www.oafifoundation.com\/ca\/la-iv-edicion-de-las-becas-garcia-bragado\/\" title=\"La IV edici\u00f3 de les &#8216; Beques Garc\u00eda Bragado &#8211; OAFI- Kern Pharma&#8217; impulsa la traject\u00f2ria de les noves generacions de l&#8217;atletisme espanyol\">La IV edici\u00f3 de les &#8216; Beques Garc\u00eda Bragado &#8211; OAFI- Kern Pharma&#8217; impulsa la traject\u00f2ria de les noves generacions de l&#8217;atletisme espanyol<\/a><\/h2><\/header><div class=\"eael-entry-content\">\n                        <div class=\"eael-grid-post-excerpt\"><p>Barcelona, 08 d&#8217; octubre de 2025- Un any m\u00e9s, arriba una nova edici\u00f3 de les &#8216;Beques Garc\u00eda Bragado &#8211; OAFI- Kern Pharma&#8217;. Unes ajudes impulsades amb l&#8217;exatleta ol\u00edmpic Jes\u00fas \u00c1ngel Garc\u00eda Bragado i que compten amb l&#8217;aval de Kern Pharma....<\/p><a href=\"https:\/\/www.oafifoundation.com\/ca\/la-iv-edicion-de-las-becas-garcia-bragado\/\" class=\"eael-post-elements-readmore-btn\">Llegir m\u00e9s<\/a><\/div>\n                    <\/div><div class=\"eael-entry-footer\"><div class=\"eael-entry-meta\"><span class=\"eael-posted-on\"><time datetime=\"08\/10\/2025\">08\/10\/2025<\/time><\/span><\/div><\/div><\/div><\/div>\n        <\/div>\n    <\/article><article class=\"eael-grid-post  eael-post-grid-column eael-pg-post-41521 category-actualitat-amics-oafi-area-pacients-artrosi-artrosis-ca-blog-ca-dolor-ca-noticies-oafi-osteoartritis-ca-salud-ca-sense-categoria tags-aflar-ca-artrosis-ca-calidad-de-vida-ca-concienciacion-ca-dia-mundial-de-la-artrosis-2-ca-fundacion-internacional-de-la-artrosis-ca-fundacion-oafi-ca-investigacion-ca-oafi-ca-prevencion-ca-salud-articular-ca\" data-id=\"41521\">\n        <div class=\"eael-grid-post-holder\">\n            <div class=\"eael-grid-post-holder-inner\"><div class=\"eael-entry-media\"><ul class=\"post-carousel-categories\"><li><a href=\"https:\/\/www.oafifoundation.com\/ca\/categoria-ca\/actualitat\/\">Actualitat<\/a><\/li><\/ul><div class=\"eael-entry-overlay fade-in\"><i class=\"fas fa-long-arrow-alt-right\" aria-hidden=\"true\"><\/i><a href=\"https:\/\/www.oafifoundation.com\/ca\/17-septiembre-el-dia-mundial-de-la-artrosis\/\"><\/a><\/div><div class=\"eael-entry-thumbnail \">\n                <img loading=\"lazy\" decoding=\"async\" width=\"300\" height=\"300\" src=\"https:\/\/www.oafifoundation.com\/wp-content\/uploads\/2025\/09\/17-de-septiembre-de-2025-el-Dia-Mundial-de-la-Artrosis-es-un-evento-anual-dedicado-a-sensibilizar-sobre-esta-enfermedad-articular-cronica-que-afecta-a-595-millones-de-personas-en-todo-el-mundo-300x300.jpg\" class=\"attachment-medium size-medium wp-image-41519\" alt=\"D\u00eda Mundial de la Artrosis\" srcset=\"https:\/\/www.oafifoundation.com\/wp-content\/uploads\/2025\/09\/17-de-septiembre-de-2025-el-Dia-Mundial-de-la-Artrosis-es-un-evento-anual-dedicado-a-sensibilizar-sobre-esta-enfermedad-articular-cronica-que-afecta-a-595-millones-de-personas-en-todo-el-mundo-300x300.jpg 300w, https:\/\/www.oafifoundation.com\/wp-content\/uploads\/2025\/09\/17-de-septiembre-de-2025-el-Dia-Mundial-de-la-Artrosis-es-un-evento-anual-dedicado-a-sensibilizar-sobre-esta-enfermedad-articular-cronica-que-afecta-a-595-millones-de-personas-en-todo-el-mundo-1024x1024.jpg 1024w, https:\/\/www.oafifoundation.com\/wp-content\/uploads\/2025\/09\/17-de-septiembre-de-2025-el-Dia-Mundial-de-la-Artrosis-es-un-evento-anual-dedicado-a-sensibilizar-sobre-esta-enfermedad-articular-cronica-que-afecta-a-595-millones-de-personas-en-todo-el-mundo-150x150.jpg 150w, https:\/\/www.oafifoundation.com\/wp-content\/uploads\/2025\/09\/17-de-septiembre-de-2025-el-Dia-Mundial-de-la-Artrosis-es-un-evento-anual-dedicado-a-sensibilizar-sobre-esta-enfermedad-articular-cronica-que-afecta-a-595-millones-de-personas-en-todo-el-mundo-768x768.jpg 768w, https:\/\/www.oafifoundation.com\/wp-content\/uploads\/2025\/09\/17-de-septiembre-de-2025-el-Dia-Mundial-de-la-Artrosis-es-un-evento-anual-dedicado-a-sensibilizar-sobre-esta-enfermedad-articular-cronica-que-afecta-a-595-millones-de-personas-en-todo-el-mundo.jpg 1120w\" sizes=\"(max-width: 300px) 100vw, 300px\" \/>\n            <\/div>\n        <\/div><div class=\"eael-entry-wrapper\"><header class=\"eael-entry-header\"><h2 class=\"eael-entry-title\"><a class=\"eael-grid-post-link\" href=\"https:\/\/www.oafifoundation.com\/ca\/17-septiembre-el-dia-mundial-de-la-artrosis\/\" title=\"Dia Mundial de l&#8217;ARTROSI\">Dia Mundial de l&#8217;ARTROSI<\/a><\/h2><\/header><div class=\"eael-entry-content\">\n                        <div class=\"eael-grid-post-excerpt\"><p>17 de setembre de 2025, el Dia Mundial de l&#8217;Artrosi, \u00e9s un esdeveniment anual dedicat a sensibilitzar sobre aquesta malaltia articular cr\u00f2nica que afecta 595 milions de persones a tot el m\u00f3n.A Espanya, 7 milions de persones sofreixen artrosis, amb...<\/p><a href=\"https:\/\/www.oafifoundation.com\/ca\/17-septiembre-el-dia-mundial-de-la-artrosis\/\" class=\"eael-post-elements-readmore-btn\">Llegir m\u00e9s<\/a><\/div>\n                    <\/div><div class=\"eael-entry-footer\"><div class=\"eael-entry-meta\"><span class=\"eael-posted-on\"><time datetime=\"17\/09\/2025\">17\/09\/2025<\/time><\/span><\/div><\/div><\/div><\/div>\n        <\/div>\n    <\/article><\/div>\n            <div class=\"clearfix\"><\/div>\n        <\/div>            <div class=\"eael-load-more-button-wrap\">\n                <button class=\"eael-load-more-button\" id=\"eael-load-more-btn-43f78e2\" data-widget-id=\"43f78e2\" data-widget=\"43f78e2\" data-page-id=\"31565\" data-template=\"{&quot;dir&quot;:&quot;lite&quot;,&quot;file_name&quot;:&quot;one.php&quot;,&quot;name&quot;:&quot;Post-Grid&quot;}\" data-class=\"Essential_Addons_Elementor\\Elements\\Post_Grid\" data-layout=\"masonry\" data-page=\"1\" data-args=\"orderby=date&amp;order=desc&amp;ignore_sticky_posts=1&amp;post_status=publish&amp;posts_per_page=12&amp;offset=0&amp;post_type=post&amp;tax_query%5B0%5D%5Btaxonomy%5D=category&amp;tax_query%5B0%5D%5Bfield%5D=term_id&amp;tax_query%5B0%5D%5Bterms%5D%5B0%5D=812&amp;tax_query%5Brelation%5D=AND\" data-max-page=\"10\">\n                    <span class=\"eael-btn-loader button__loader\"><\/span>\n                    <span class=\"eael_load_more_text\">Carregar m\u00e9s<\/span>\n                <\/button>\n            <\/div>\n            \t\t\t\t<\/div>\n\t\t\t\t<\/div>\n\t\t\t\t\t<\/div>\n\t\t<\/div>\n\t\t\t\t\t<\/div>\n\t\t<\/section>\n\t\t\t\t<\/div>\n\t\t","protected":false},"excerpt":{"rendered":"<p>Not\u00edcies OAFI Actualitat OAFI-AECOSAR signen un conveni de col\u00b7laboraci\u00f3 amb ASPE El passat 6 de juny, la Fundaci\u00f3 Internacional de l&#8217;Artrosi al costat d&#8217;AECOSAR van signar un conveni marc de col\u00b7laboraci\u00f3 amb ASPE, L&#8217;Alian\u00e7a de la Sanitat Privada Espanyola. En la l\u00ednia de col\u00b7laboraci\u00f3 i creaci\u00f3 de vincles amb entitats de&#8230; Llegir m\u00e9s 29\/06\/2023 Actualitat [&hellip;]<\/p>\n","protected":false},"author":1,"featured_media":0,"parent":0,"menu_order":0,"comment_status":"closed","ping_status":"closed","template":"","meta":{"footnotes":""},"class_list":["post-31565","page","type-page","status-publish","hentry"],"_links":{"self":[{"href":"https:\/\/www.oafifoundation.com\/ca\/wp-json\/wp\/v2\/pages\/31565","targetHints":{"allow":["GET"]}}],"collection":[{"href":"https:\/\/www.oafifoundation.com\/ca\/wp-json\/wp\/v2\/pages"}],"about":[{"href":"https:\/\/www.oafifoundation.com\/ca\/wp-json\/wp\/v2\/types\/page"}],"author":[{"embeddable":true,"href":"https:\/\/www.oafifoundation.com\/ca\/wp-json\/wp\/v2\/users\/1"}],"replies":[{"embeddable":true,"href":"https:\/\/www.oafifoundation.com\/ca\/wp-json\/wp\/v2\/comments?post=31565"}],"version-history":[{"count":7,"href":"https:\/\/www.oafifoundation.com\/ca\/wp-json\/wp\/v2\/pages\/31565\/revisions"}],"predecessor-version":[{"id":33132,"href":"https:\/\/www.oafifoundation.com\/ca\/wp-json\/wp\/v2\/pages\/31565\/revisions\/33132"}],"wp:attachment":[{"href":"https:\/\/www.oafifoundation.com\/ca\/wp-json\/wp\/v2\/media?parent=31565"}],"curies":[{"name":"wp","href":"https:\/\/api.w.org\/{rel}","templated":true}]}}